{"id":4413,"date":"2020-09-30T16:11:06","date_gmt":"2020-09-30T16:11:06","guid":{"rendered":"https:\/\/bollig-mobility.lu\/news\/"},"modified":"2022-02-11T10:15:13","modified_gmt":"2022-02-11T09:15:13","slug":"actualites-bollig","status":"publish","type":"page","link":"https:\/\/wemobility.lu\/fr\/actualites-bollig\/","title":{"rendered":"Actualit\u00e9s Bollig"},"content":{"rendered":"\t\t<div data-elementor-type=\"wp-page\" data-elementor-id=\"4413\" class=\"elementor elementor-4413 elementor-3149\" data-elementor-settings=\"{&quot;ha_cmc_init_switcher&quot;:&quot;no&quot;}\" data-elementor-post-type=\"page\">\n\t\t\t\t\t\t<section class=\"elementor-section elementor-top-section elementor-element elementor-element-2b085af elementor-section-boxed elementor-section-height-default elementor-section-height-default\" data-id=\"2b085af\" data-element_type=\"section\" data-e-type=\"section\" data-settings=\"{&quot;background_background&quot;:&quot;classic&quot;,&quot;_ha_eqh_enable&quot;:false}\">\n\t\t\t\t\t\t<div class=\"elementor-container elementor-column-gap-wider\">\n\t\t\t\t\t<div class=\"elementor-column elementor-col-50 elementor-top-column elementor-element elementor-element-a99a200\" data-id=\"a99a200\" data-element_type=\"column\" data-e-type=\"column\">\n\t\t\t<div class=\"elementor-widget-wrap elementor-element-populated\">\n\t\t\t\t\t\t<div class=\"elementor-element elementor-element-00803b0 elementor-widget elementor-widget-heading\" data-id=\"00803b0\" data-element_type=\"widget\" data-e-type=\"widget\" data-widget_type=\"heading.default\">\n\t\t\t\t<div class=\"elementor-widget-container\">\n\t\t\t\t\t<h2 class=\"elementor-heading-title elementor-size-default\">Bollig &lt;span style=&quot;color: #00B7CD;&quot; news<\/span>.<\/h2>\t\t\t\t<\/div>\n\t\t\t\t<\/div>\n\t\t\t\t<div class=\"elementor-element elementor-element-23008f1 elementor-widget elementor-widget-text-editor\" data-id=\"23008f1\" data-element_type=\"widget\" data-e-type=\"widget\" data-widget_type=\"text-editor.default\">\n\t\t\t\t<div class=\"elementor-widget-container\">\n\t\t\t\t\t\t\t\t\t<div class=\"ewa-rteLine\">Vous voulez en savoir davantage sur Bollig Mobility Group ?<\/div>\n<div class=\"ewa-rteLine\">&nbsp;<\/div>\n<div class=\"ewa-rteLine\">Ici, vous allez trouver les derni\u00e8res nouvelles concernant les partenariats et les \u00e9volutions au sein de notre compagnie.<\/div>\t\t\t\t\t\t\t\t<\/div>\n\t\t\t\t<\/div>\n\t\t\t\t\t<\/div>\n\t\t<\/div>\n\t\t\t\t<div class=\"elementor-column elementor-col-50 elementor-top-column elementor-element elementor-element-2bbc021\" data-id=\"2bbc021\" data-element_type=\"column\" data-e-type=\"column\" data-settings=\"{&quot;background_background&quot;:&quot;classic&quot;}\">\n\t\t\t<div class=\"elementor-widget-wrap\">\n\t\t\t\t\t\t\t<\/div>\n\t\t<\/div>\n\t\t\t\t\t<\/div>\n\t\t<\/section>\n\t\t\t\t<section class=\"elementor-section elementor-top-section elementor-element elementor-element-5f14ecb elementor-section-full_width elementor-section-height-min-height elementor-section-height-default elementor-section-items-middle\" data-id=\"5f14ecb\" data-element_type=\"section\" data-e-type=\"section\" data-settings=\"{&quot;background_background&quot;:&quot;classic&quot;,&quot;_ha_eqh_enable&quot;:false}\">\n\t\t\t\t\t\t<div class=\"elementor-container elementor-column-gap-no\">\n\t\t\t\t\t<div class=\"elementor-column elementor-col-100 elementor-top-column elementor-element elementor-element-f6bdb14\" data-id=\"f6bdb14\" data-element_type=\"column\" data-e-type=\"column\" data-settings=\"{&quot;background_background&quot;:&quot;classic&quot;,&quot;background_motion_fx_motion_fx_scrolling&quot;:&quot;yes&quot;,&quot;background_motion_fx_translateY_effect&quot;:&quot;yes&quot;,&quot;background_motion_fx_translateY_speed&quot;:{&quot;unit&quot;:&quot;px&quot;,&quot;size&quot;:5,&quot;sizes&quot;:[]},&quot;background_motion_fx_translateY_affectedRange&quot;:{&quot;unit&quot;:&quot;%&quot;,&quot;size&quot;:&quot;&quot;,&quot;sizes&quot;:{&quot;start&quot;:0,&quot;end&quot;:100}},&quot;background_motion_fx_devices&quot;:[&quot;desktop&quot;,&quot;tablet&quot;,&quot;mobile&quot;]}\">\n\t\t\t<div class=\"elementor-widget-wrap elementor-element-populated\">\n\t\t\t\t\t\t<div class=\"elementor-element elementor-element-0346775 ha-has-bg-overlay elementor-widget elementor-widget-spacer\" data-id=\"0346775\" data-element_type=\"widget\" data-e-type=\"widget\" data-widget_type=\"spacer.default\">\n\t\t\t\t<div class=\"elementor-widget-container\">\n\t\t\t\t\t\t\t<div class=\"elementor-spacer\">\n\t\t\t<div class=\"elementor-spacer-inner\"><\/div>\n\t\t<\/div>\n\t\t\t\t\t\t<\/div>\n\t\t\t\t<\/div>\n\t\t\t\t\t<\/div>\n\t\t<\/div>\n\t\t\t\t\t<\/div>\n\t\t<\/section>\n\t\t\t\t<section class=\"elementor-section elementor-top-section elementor-element elementor-element-ab842fa elementor-section-boxed elementor-section-height-default elementor-section-height-default\" data-id=\"ab842fa\" data-element_type=\"section\" data-e-type=\"section\" data-settings=\"{&quot;_ha_eqh_enable&quot;:false}\">\n\t\t\t\t\t\t<div class=\"elementor-container elementor-column-gap-default\">\n\t\t\t\t\t<div class=\"elementor-column elementor-col-100 elementor-top-column elementor-element elementor-element-70fb714\" data-id=\"70fb714\" data-element_type=\"column\" data-e-type=\"column\">\n\t\t\t<div class=\"elementor-widget-wrap elementor-element-populated\">\n\t\t\t\t\t\t<div class=\"elementor-element elementor-element-da6cf60 elementor-widget elementor-widget-heading\" data-id=\"da6cf60\" data-element_type=\"widget\" data-e-type=\"widget\" data-widget_type=\"heading.default\">\n\t\t\t\t<div class=\"elementor-widget-container\">\n\t\t\t\t\t<h3 class=\"elementor-heading-title elementor-size-default\">A propos de <span style=\"color: #00B7CD\"> nous<\/span>.<\/h3>\t\t\t\t<\/div>\n\t\t\t\t<\/div>\n\t\t\t\t\t<\/div>\n\t\t<\/div>\n\t\t\t\t\t<\/div>\n\t\t<\/section>\n\t\t\t\t<section class=\"elementor-section elementor-top-section elementor-element elementor-element-49f665a elementor-section-boxed elementor-section-height-default elementor-section-height-default\" data-id=\"49f665a\" data-element_type=\"section\" data-e-type=\"section\" data-settings=\"{&quot;_ha_eqh_enable&quot;:false}\">\n\t\t\t\t\t\t<div class=\"elementor-container elementor-column-gap-default\">\n\t\t\t\t\t<div class=\"elementor-column elementor-col-100 elementor-top-column elementor-element elementor-element-9533804\" data-id=\"9533804\" data-element_type=\"column\" data-e-type=\"column\">\n\t\t\t<div class=\"elementor-widget-wrap elementor-element-populated\">\n\t\t\t\t\t\t<div class=\"elementor-element elementor-element-e356ba7 preserve-img-ratio-cover elementor-widget elementor-widget-the7_elements\" data-id=\"e356ba7\" data-element_type=\"widget\" data-e-type=\"widget\" data-widget_type=\"the7_elements.default\">\n\t\t\t\t<div class=\"elementor-widget-container\">\n\t\t\t\t\t<div class=\"portfolio-shortcode the7-elementor-widget the7_elements-e356ba7 mode-grid dt-css-grid-wrap classic-layout-list description-under-image quick-scale-img content-bg-on resize-by-browser-width widget-with-filter loading-effect-none\" data-padding=\"30px\" data-mobile-columns-num=\"1\" data-tablet-columns-num=\"2\" data-desktop-columns-num=\"3\" data-wide-desktop-columns-num=\"3\" data-post-limit=\"-1\" data-pagination-mode=\"standard\" data-scroll-offset=\"\"><div class=\"iso-filter filter-decorations without-isotope css-grid-filter extras-off filter filter-pointer-default show-filter-categories   filter-underline-decoration\"><div class=\"filter-categories\" data-default-order=\"\" data-default-orderby=\"\"><a href=\"https:\/\/wemobility.lu\/fr\/actualites-bollig\/\" class=\"show-all filter-item act\" data-filter=\"*\" aria-label=\"Apply filter: Voir tout\">Voir tout<\/a><a href=\"https:\/\/wemobility.lu\/fr\/actualites-bollig\/?term=bollig-group-fr\" class=\"filter-item bollig-group-fr\" data-filter=\".category-37\" aria-label=\"Apply filter: Bollig-Group\">Bollig-Group<\/a><a href=\"https:\/\/wemobility.lu\/fr\/actualites-bollig\/?term=bollig-voyages-fr\" class=\"filter-item bollig-voyages-fr\" data-filter=\".category-65\" aria-label=\"Apply filter: Bollig Voyages\">Bollig Voyages<\/a><a href=\"https:\/\/wemobility.lu\/fr\/actualites-bollig\/?term=durabilite-fr\" class=\"filter-item durabilite-fr\" data-filter=\".category-43\" aria-label=\"Apply filter: Durabilit\u00e9\">Durabilit\u00e9<\/a><a href=\"https:\/\/wemobility.lu\/fr\/actualites-bollig\/?term=e-mobilite-fr\" class=\"filter-item e-mobilite-fr\" data-filter=\".category-69\" aria-label=\"Apply filter: E-Mobilit\u00e9\">E-Mobilit\u00e9<\/a><a href=\"https:\/\/wemobility.lu\/fr\/actualites-bollig\/?term=mobilite-au-quotidien-fr\" class=\"filter-item mobilite-au-quotidien-fr\" data-filter=\".category-39\" aria-label=\"Apply filter: Mobilit\u00e9 au quotidien\">Mobilit\u00e9 au quotidien<\/a><a href=\"https:\/\/wemobility.lu\/fr\/actualites-bollig\/?term=rse-fr\" class=\"filter-item rse-fr\" data-filter=\".category-67\" aria-label=\"Apply filter: RSE\">RSE<\/a><a href=\"https:\/\/wemobility.lu\/fr\/actualites-bollig\/?term=tempus-fr\" class=\"filter-item tempus-fr\" data-filter=\".category-79\" aria-label=\"Apply filter: Tempus\">Tempus<\/a><a href=\"https:\/\/wemobility.lu\/fr\/actualites-bollig\/?term=transports-publics-fr\" class=\"filter-item transports-publics-fr\" data-filter=\".category-66\" aria-label=\"Apply filter: Transports Publics\">Transports Publics<\/a><a href=\"https:\/\/wemobility.lu\/fr\/actualites-bollig\/?term=voyages-simon-fr\" class=\"filter-item voyages-simon-fr\" data-filter=\".category-68\" aria-label=\"Apply filter: Voyages Simon\">Voyages Simon<\/a><\/div><\/div><div class=\"dt-css-grid custom-pagination-handler\"><div class=\"visible wf-cell category-37 category-43 category-39 category-67 category-66\" data-post-id=\"6478\" data-date=\"2021-11-08T11:06:06+01:00\" data-name=\"Notre nouveau rapport RSE est arriv\u00e9 !\"><article class=\"post visible post-6478 type-post status-publish format-standard has-post-thumbnail hentry category-bollig-group-fr category-durabilite-fr category-mobilite-au-quotidien-fr category-rse-fr category-transports-publics-fr category-37 category-43 category-39 category-67 category-66 description-off\" data-name=\"Notre nouveau rapport RSE est arriv\u00e9 !\" data-date=\"2021-11-08T11:06:06+01:00\">\n\n\t<div class=\"post-thumbnail-wrap\">\n\t\t<div class=\"post-thumbnail\">\n\n\t\t\t<a class=\"post-thumbnail-rollover layzr-bg img-css-resize-wrapper\" aria-label=\"Image article\" href=\"https:\/\/wemobility.lu\/fr\/der-dritte-csr-bericht-ist-erschienen\/\"><img fetchpriority=\"high\" decoding=\"async\" width=\"1800\" height=\"600\" src=\"data:image\/svg+xml,%3Csvg%20xmlns%3D&#039;http%3A%2F%2Fwww.w3.org%2F2000%2Fsvg&#039;%20viewBox%3D&#039;0%200%201800%20600&#039;%2F%3E\" class=\"attachment-full size-full preload-me aspect lazy lazy-load\" alt=\"\" sizes=\"(max-width: 1800px) 100vw, 1800px\" style=\"--ratio: 1800 \/ 600;\" data-src=\"https:\/\/wemobility.lu\/wp-content\/uploads\/2021\/11\/Rapport-de-Responsabilite-Societale-2091-2020-3.png\" loading=\"eager\" data-srcset=\"https:\/\/wemobility.lu\/wp-content\/uploads\/2021\/11\/Rapport-de-Responsabilite-Societale-2091-2020-3.png 1800w, https:\/\/wemobility.lu\/wp-content\/uploads\/2021\/11\/Rapport-de-Responsabilite-Societale-2091-2020-3-300x100.png 300w, https:\/\/wemobility.lu\/wp-content\/uploads\/2021\/11\/Rapport-de-Responsabilite-Societale-2091-2020-3-1024x341.png 1024w, https:\/\/wemobility.lu\/wp-content\/uploads\/2021\/11\/Rapport-de-Responsabilite-Societale-2091-2020-3-768x256.png 768w, https:\/\/wemobility.lu\/wp-content\/uploads\/2021\/11\/Rapport-de-Responsabilite-Societale-2091-2020-3-1536x512.png 1536w\" \/><span class=\"the7-hover-icon\"><i aria-hidden=\"true\" class=\"fas fa-plus\"><\/i><\/span><\/a>\n\t\t<\/div>\n\t<\/div>\n\n\n<div class=\"post-entry-content\">\n\n\t<h3 class=\"ele-entry-title\"><a href=\"https:\/\/wemobility.lu\/fr\/der-dritte-csr-bericht-ist-erschienen\/\" rel=\"bookmark\" title=\"Notre nouveau rapport RSE est arriv\u00e9 !\">Notre nouveau rapport RSE est arriv\u00e9 !<\/a><\/h3><div class=\"entry-meta\"><span class=\"meta-item category-link\"><a href=\"https:\/\/wemobility.lu\/fr\/category\/bollig-group-fr\/\" rel=\"tag\">Bollig-Group<\/a>, <a href=\"https:\/\/wemobility.lu\/fr\/category\/durabilite-fr\/\" rel=\"tag\">Durabilit\u00e9<\/a>, <a href=\"https:\/\/wemobility.lu\/fr\/category\/mobilite-au-quotidien-fr\/\" rel=\"tag\">Mobilit\u00e9 au quotidien<\/a>, <a href=\"https:\/\/wemobility.lu\/fr\/category\/rse-fr\/\" rel=\"tag\">RSE<\/a>, <a href=\"https:\/\/wemobility.lu\/fr\/category\/transports-publics-fr\/\" rel=\"tag\">Transports Publics<\/a><\/span><\/div><div class=\"entry-excerpt\"><p>Depuis maintenant 5 ans le groupe Bollig Mobility s&rsquo;est engag\u00e9 dans une d\u00e9marche de responsabilit\u00e9 soci\u00e9tale. [\u2026]<\/p>\n<\/div>\n<\/div><\/article><\/div><div class=\"visible wf-cell category-71 category-70 category-44 category-72\" data-post-id=\"5857\" data-date=\"2021-07-26T10:21:33+01:00\" data-name=\"Bollig Mobility Group rejoint le r\u00e9seau des entreprises labellis\u00e9es \u00ab\u00a0Responsibility Europe\u00a0\u00bb\"><article class=\"post visible post-5857 type-post status-publish format-standard has-post-thumbnail hentry category-alltagsmobilitaet category-bollig-voyages-de category-nachhaltigkeit category-oeffentlicher-verkehr\" data-name=\"Bollig Mobility Group rejoint le r\u00e9seau des entreprises labellis\u00e9es \u00ab\u00a0Responsibility Europe\u00a0\u00bb\" data-date=\"2021-07-26T10:21:33+01:00\">\n\n\t<div class=\"post-thumbnail-wrap\">\n\t\t<div class=\"post-thumbnail\">\n\n\t\t\t<a class=\"post-thumbnail-rollover layzr-bg img-css-resize-wrapper\" aria-label=\"Image article\" href=\"https:\/\/wemobility.lu\/fr\/bollig-mobility-group-rejoint-le-reseau-des-entreprises-labellisees-responsibility-europe\/\"><img decoding=\"async\" width=\"1920\" height=\"1080\" src=\"data:image\/svg+xml,%3Csvg%20xmlns%3D&#039;http%3A%2F%2Fwww.w3.org%2F2000%2Fsvg&#039;%20viewBox%3D&#039;0%200%201920%201080&#039;%2F%3E\" class=\"attachment-full size-full preload-me aspect lazy lazy-load\" alt=\"\" sizes=\"(max-width: 1920px) 100vw, 1920px\" style=\"--ratio: 1920 \/ 1080;\" data-src=\"https:\/\/wemobility.lu\/wp-content\/uploads\/2021\/07\/Cover-RE.png\" loading=\"eager\" data-srcset=\"https:\/\/wemobility.lu\/wp-content\/uploads\/2021\/07\/Cover-RE.png 1920w, https:\/\/wemobility.lu\/wp-content\/uploads\/2021\/07\/Cover-RE-300x169.png 300w, https:\/\/wemobility.lu\/wp-content\/uploads\/2021\/07\/Cover-RE-1024x576.png 1024w, https:\/\/wemobility.lu\/wp-content\/uploads\/2021\/07\/Cover-RE-768x432.png 768w, https:\/\/wemobility.lu\/wp-content\/uploads\/2021\/07\/Cover-RE-1536x864.png 1536w\" \/><span class=\"the7-hover-icon\"><i aria-hidden=\"true\" class=\"fas fa-plus\"><\/i><\/span><\/a>\n\t\t<\/div>\n\t<\/div>\n\n\n<div class=\"post-entry-content\">\n\n\t<h3 class=\"ele-entry-title\"><a href=\"https:\/\/wemobility.lu\/fr\/bollig-mobility-group-rejoint-le-reseau-des-entreprises-labellisees-responsibility-europe\/\" rel=\"bookmark\" title=\"Bollig Mobility Group rejoint le r\u00e9seau des entreprises labellis\u00e9es \u00ab\u00a0Responsibility Europe\u00a0\u00bb\">Bollig Mobility Group rejoint le r\u00e9seau des entreprises labellis\u00e9es \u00ab\u00a0Responsibility Europe\u00a0\u00bb<\/a><\/h3><div class=\"entry-meta\"><span class=\"meta-item category-link\"><a href=\"https:\/\/wemobility.lu\/category\/alltagsmobilitaet\/\" rel=\"tag\">Alltagsmobilit\u00e4t<\/a>, <a href=\"https:\/\/wemobility.lu\/category\/bollig-voyages-de\/\" rel=\"tag\">Bollig Voyages<\/a>, <a href=\"https:\/\/wemobility.lu\/category\/nachhaltigkeit\/\" rel=\"tag\">Nachhaltigkeit<\/a>, <a href=\"https:\/\/wemobility.lu\/category\/oeffentlicher-verkehr\/\" rel=\"tag\">\u00d6ffentlicher Verkehr<\/a><\/span><\/div><div class=\"entry-excerpt\"><p>Notre plan\u00e8te et notre vie quotidienne sont de plus en plus impact\u00e9es par les cons\u00e9quences du changement climatique. [\u2026]<\/p>\n<\/div>\n<\/div><\/article><\/div><div class=\"visible wf-cell category-37 category-43 category-69 category-67\" data-post-id=\"5833\" data-date=\"2021-03-31T13:53:00+01:00\" data-name=\"Bollig Mobility Group remporte le label &quot;Stroum beweegt- Elektrisch an d&#039;Zukunft&quot;\"><article class=\"post visible post-5833 type-post status-publish format-standard has-post-thumbnail hentry category-bollig-group-fr category-durabilite-fr category-e-mobilite-fr category-rse-fr\" data-name=\"Bollig Mobility Group remporte le label \u00ab\u00a0Stroum beweegt- Elektrisch an d&rsquo;Zukunft\u00a0\u00bb\" data-date=\"2021-03-31T13:53:00+01:00\">\n\n\t<div class=\"post-thumbnail-wrap\">\n\t\t<div class=\"post-thumbnail\">\n\n\t\t\t<a class=\"post-thumbnail-rollover layzr-bg img-css-resize-wrapper\" aria-label=\"Image article\" href=\"https:\/\/wemobility.lu\/fr\/bollig-mobility-group-remporte-le-label-stroum-beweegt-elektrisch-an-dzukunft\/\"><img decoding=\"async\" width=\"1920\" height=\"1080\" src=\"data:image\/svg+xml,%3Csvg%20xmlns%3D&#039;http%3A%2F%2Fwww.w3.org%2F2000%2Fsvg&#039;%20viewBox%3D&#039;0%200%201920%201080&#039;%2F%3E\" class=\"attachment-full size-full preload-me aspect lazy lazy-load\" alt=\"\" sizes=\"(max-width: 1920px) 100vw, 1920px\" style=\"--ratio: 1920 \/ 1080;\" data-src=\"https:\/\/wemobility.lu\/wp-content\/uploads\/2021\/04\/Cover.png\" loading=\"eager\" data-srcset=\"https:\/\/wemobility.lu\/wp-content\/uploads\/2021\/04\/Cover.png 1920w, https:\/\/wemobility.lu\/wp-content\/uploads\/2021\/04\/Cover-300x169.png 300w, https:\/\/wemobility.lu\/wp-content\/uploads\/2021\/04\/Cover-1024x576.png 1024w, https:\/\/wemobility.lu\/wp-content\/uploads\/2021\/04\/Cover-768x432.png 768w, https:\/\/wemobility.lu\/wp-content\/uploads\/2021\/04\/Cover-1536x864.png 1536w\" \/><span class=\"the7-hover-icon\"><i aria-hidden=\"true\" class=\"fas fa-plus\"><\/i><\/span><\/a>\n\t\t<\/div>\n\t<\/div>\n\n\n<div class=\"post-entry-content\">\n\n\t<h3 class=\"ele-entry-title\"><a href=\"https:\/\/wemobility.lu\/fr\/bollig-mobility-group-remporte-le-label-stroum-beweegt-elektrisch-an-dzukunft\/\" rel=\"bookmark\" title=\"Bollig Mobility Group remporte le label \u00ab\u00a0Stroum beweegt- Elektrisch an d&rsquo;Zukunft\u00a0\u00bb\">Bollig Mobility Group remporte le label \u00ab\u00a0Stroum beweegt- Elektrisch an d&rsquo;Zukunft\u00a0\u00bb<\/a><\/h3><div class=\"entry-meta\"><span class=\"meta-item category-link\"><a href=\"https:\/\/wemobility.lu\/fr\/category\/bollig-group-fr\/\" rel=\"tag\">Bollig-Group<\/a>, <a href=\"https:\/\/wemobility.lu\/fr\/category\/durabilite-fr\/\" rel=\"tag\">Durabilit\u00e9<\/a>, <a href=\"https:\/\/wemobility.lu\/fr\/category\/e-mobilite-fr\/\" rel=\"tag\">E-Mobilit\u00e9<\/a>, <a href=\"https:\/\/wemobility.lu\/fr\/category\/rse-fr\/\" rel=\"tag\">RSE<\/a><\/span><\/div><div class=\"entry-excerpt\"><p>Bollig Mobility Group a d\u00e9but\u00e9 depuis 5 ans sa transformation vers l\u2019\u00e9lectrique et va \u00e0 l\u2019avenir compter de plus en plus sur cette \u00e9nergie respectueuse de l\u2019environnement. [\u2026]<\/p>\n<\/div>\n<\/div><\/article><\/div><div class=\"visible wf-cell category-37 category-43 category-69 category-67\" data-post-id=\"5822\" data-date=\"2021-03-29T14:45:46+01:00\" data-name=\"\u00c9lectrique depuis 2016 - Notre aventure vers l&#039;\u00e9lectro mobilit\u00e9\"><article class=\"post visible post-5822 type-post status-publish format-standard has-post-thumbnail hentry category-bollig-group-fr category-durabilite-fr category-e-mobilite-fr category-rse-fr\" data-name=\"\u00c9lectrique depuis 2016 &#8211; Notre aventure vers l&rsquo;\u00e9lectro mobilit\u00e9\" data-date=\"2021-03-29T14:45:46+01:00\">\n\n\t<div class=\"post-thumbnail-wrap\">\n\t\t<div class=\"post-thumbnail\">\n\n\t\t\t<a class=\"post-thumbnail-rollover layzr-bg img-css-resize-wrapper\" aria-label=\"Image article\" href=\"https:\/\/wemobility.lu\/fr\/electrique-depuis-2016-notre-aventure-vers-lelectro-mobilite\/\"><img decoding=\"async\" width=\"1200\" height=\"480\" src=\"data:image\/svg+xml,%3Csvg%20xmlns%3D&#039;http%3A%2F%2Fwww.w3.org%2F2000%2Fsvg&#039;%20viewBox%3D&#039;0%200%201200%20480&#039;%2F%3E\" class=\"attachment-full size-full preload-me aspect lazy lazy-load\" alt=\"\" sizes=\"(max-width: 1200px) 100vw, 1200px\" style=\"--ratio: 1200 \/ 480;\" data-src=\"https:\/\/wemobility.lu\/wp-content\/uploads\/2021\/03\/Cover.jpg\" loading=\"eager\" data-srcset=\"https:\/\/wemobility.lu\/wp-content\/uploads\/2021\/03\/Cover.jpg 1200w, https:\/\/wemobility.lu\/wp-content\/uploads\/2021\/03\/Cover-300x120.jpg 300w, https:\/\/wemobility.lu\/wp-content\/uploads\/2021\/03\/Cover-1024x410.jpg 1024w, https:\/\/wemobility.lu\/wp-content\/uploads\/2021\/03\/Cover-768x307.jpg 768w\" \/><span class=\"the7-hover-icon\"><i aria-hidden=\"true\" class=\"fas fa-plus\"><\/i><\/span><\/a>\n\t\t<\/div>\n\t<\/div>\n\n\n<div class=\"post-entry-content\">\n\n\t<h3 class=\"ele-entry-title\"><a href=\"https:\/\/wemobility.lu\/fr\/electrique-depuis-2016-notre-aventure-vers-lelectro-mobilite\/\" rel=\"bookmark\" title=\"\u00c9lectrique depuis 2016 &#8211; Notre aventure vers l&rsquo;\u00e9lectro mobilit\u00e9\">\u00c9lectrique depuis 2016 &#8211; Notre aventure vers l&rsquo;\u00e9lectro mobilit\u00e9<\/a><\/h3><div class=\"entry-meta\"><span class=\"meta-item category-link\"><a href=\"https:\/\/wemobility.lu\/fr\/category\/bollig-group-fr\/\" rel=\"tag\">Bollig-Group<\/a>, <a href=\"https:\/\/wemobility.lu\/fr\/category\/durabilite-fr\/\" rel=\"tag\">Durabilit\u00e9<\/a>, <a href=\"https:\/\/wemobility.lu\/fr\/category\/e-mobilite-fr\/\" rel=\"tag\">E-Mobilit\u00e9<\/a>, <a href=\"https:\/\/wemobility.lu\/fr\/category\/rse-fr\/\" rel=\"tag\">RSE<\/a><\/span><\/div><div class=\"entry-excerpt\"><p>Cela fait exactement 5 ans que nous avons commenc\u00e9 notre aventure vers une mobilit\u00e9 durable avec la mise en service de notre premier bus totalement \u00e9lectrique. [\u2026]<\/p>\n<\/div>\n<\/div><\/article><\/div><div class=\"visible wf-cell category-37 category-43 category-67\" data-post-id=\"4398\" data-date=\"2020-10-01T12:00:21+01:00\" data-name=\"Label ESR pour l&#039;int\u00e9gralit\u00e9 de Bollig Mobility Group\"><article class=\"post visible post-4398 type-post status-publish format-standard has-post-thumbnail hentry category-bollig-group-fr category-durabilite-fr category-rse-fr\" data-name=\"Label ESR pour l&rsquo;int\u00e9gralit\u00e9 de Bollig Mobility Group\" data-date=\"2020-10-01T12:00:21+01:00\">\n\n\t<div class=\"post-thumbnail-wrap\">\n\t\t<div class=\"post-thumbnail\">\n\n\t\t\t<a class=\"post-thumbnail-rollover layzr-bg img-css-resize-wrapper\" aria-label=\"Image article\" href=\"https:\/\/wemobility.lu\/fr\/rse-label-for-the-entire-bollig-mobility-group\/\"><img decoding=\"async\" width=\"1200\" height=\"480\" src=\"data:image\/svg+xml,%3Csvg%20xmlns%3D&#039;http%3A%2F%2Fwww.w3.org%2F2000%2Fsvg&#039;%20viewBox%3D&#039;0%200%201200%20480&#039;%2F%3E\" class=\"attachment-full size-full preload-me aspect lazy lazy-load\" alt=\"\" sizes=\"(max-width: 1200px) 100vw, 1200px\" style=\"--ratio: 1200 \/ 480;\" data-src=\"https:\/\/wemobility.lu\/wp-content\/uploads\/2021\/01\/news-rse.jpg\" loading=\"eager\" data-srcset=\"https:\/\/wemobility.lu\/wp-content\/uploads\/2021\/01\/news-rse.jpg 1200w, https:\/\/wemobility.lu\/wp-content\/uploads\/2021\/01\/news-rse-300x120.jpg 300w, https:\/\/wemobility.lu\/wp-content\/uploads\/2021\/01\/news-rse-1024x410.jpg 1024w, https:\/\/wemobility.lu\/wp-content\/uploads\/2021\/01\/news-rse-768x307.jpg 768w\" \/><span class=\"the7-hover-icon\"><i aria-hidden=\"true\" class=\"fas fa-plus\"><\/i><\/span><\/a>\n\t\t<\/div>\n\t<\/div>\n\n\n<div class=\"post-entry-content\">\n\n\t<h3 class=\"ele-entry-title\"><a href=\"https:\/\/wemobility.lu\/fr\/rse-label-for-the-entire-bollig-mobility-group\/\" rel=\"bookmark\" title=\"Label ESR pour l&rsquo;int\u00e9gralit\u00e9 de Bollig Mobility Group\">Label ESR pour l&rsquo;int\u00e9gralit\u00e9 de Bollig Mobility Group<\/a><\/h3><div class=\"entry-meta\"><span class=\"meta-item category-link\"><a href=\"https:\/\/wemobility.lu\/fr\/category\/bollig-group-fr\/\" rel=\"tag\">Bollig-Group<\/a>, <a href=\"https:\/\/wemobility.lu\/fr\/category\/durabilite-fr\/\" rel=\"tag\">Durabilit\u00e9<\/a>, <a href=\"https:\/\/wemobility.lu\/fr\/category\/rse-fr\/\" rel=\"tag\">RSE<\/a><\/span><\/div><div class=\"entry-excerpt\"><p>Nous avons le plaisir de vous annoncer que l\u2019int\u00e9gralit\u00e9 de Bollig Mobility Group a re\u00e7u le label ESR (Entreprise Socialement Responsable) par [\u2026]<\/p>\n<\/div>\n<\/div><\/article><\/div><div class=\"visible wf-cell category-39 category-66 category-68\" data-post-id=\"4383\" data-date=\"2020-09-01T09:32:24+01:00\" data-name=\"Nouveau \u00e0 Diekirch: Louis-Express avec Voyages Simon\"><article class=\"post visible post-4383 type-post status-publish format-standard has-post-thumbnail hentry category-mobilite-au-quotidien-fr category-transports-publics-fr category-voyages-simon-fr\" data-name=\"Nouveau \u00e0 Diekirch: Louis-Express avec Voyages Simon\" data-date=\"2020-09-01T09:32:24+01:00\">\n\n\t<div class=\"post-thumbnail-wrap\">\n\t\t<div class=\"post-thumbnail\">\n\n\t\t\t<a class=\"post-thumbnail-rollover layzr-bg img-css-resize-wrapper\" aria-label=\"Image article\" href=\"https:\/\/wemobility.lu\/fr\/loui-express-im-anmarsch\/\"><img decoding=\"async\" width=\"1200\" height=\"480\" src=\"data:image\/svg+xml,%3Csvg%20xmlns%3D&#039;http%3A%2F%2Fwww.w3.org%2F2000%2Fsvg&#039;%20viewBox%3D&#039;0%200%201200%20480&#039;%2F%3E\" class=\"attachment-full size-full preload-me aspect lazy lazy-load\" alt=\"\" sizes=\"(max-width: 1200px) 100vw, 1200px\" style=\"--ratio: 1200 \/ 480;\" data-src=\"https:\/\/wemobility.lu\/wp-content\/uploads\/2020\/12\/News-loui-express.jpg\" loading=\"eager\" data-srcset=\"https:\/\/wemobility.lu\/wp-content\/uploads\/2020\/12\/News-loui-express.jpg 1200w, https:\/\/wemobility.lu\/wp-content\/uploads\/2020\/12\/News-loui-express-300x120.jpg 300w, https:\/\/wemobility.lu\/wp-content\/uploads\/2020\/12\/News-loui-express-1024x410.jpg 1024w, https:\/\/wemobility.lu\/wp-content\/uploads\/2020\/12\/News-loui-express-768x307.jpg 768w\" \/><span class=\"the7-hover-icon\"><i aria-hidden=\"true\" class=\"fas fa-plus\"><\/i><\/span><\/a>\n\t\t<\/div>\n\t<\/div>\n\n\n<div class=\"post-entry-content\">\n\n\t<h3 class=\"ele-entry-title\"><a href=\"https:\/\/wemobility.lu\/fr\/loui-express-im-anmarsch\/\" rel=\"bookmark\" title=\"Nouveau \u00e0 Diekirch: Louis-Express avec Voyages Simon\">Nouveau \u00e0 Diekirch: Louis-Express avec Voyages Simon<\/a><\/h3><div class=\"entry-meta\"><span class=\"meta-item category-link\"><a href=\"https:\/\/wemobility.lu\/fr\/category\/mobilite-au-quotidien-fr\/\" rel=\"tag\">Mobilit\u00e9 au quotidien<\/a>, <a href=\"https:\/\/wemobility.lu\/fr\/category\/transports-publics-fr\/\" rel=\"tag\">Transports Publics<\/a>, <a href=\"https:\/\/wemobility.lu\/fr\/category\/voyages-simon-fr\/\" rel=\"tag\">Voyages Simon<\/a><\/span><\/div><div class=\"entry-excerpt\"><p>Depuis le 1er octobre 2020, la ville de Diekirch a mis \u00e0 disposition un nouveau service de Citybus pour les citoyens et les visiteurs.[\u2026]<\/p>\n<\/div>\n<\/div><\/article><\/div><div class=\"visible wf-cell category-65 category-39 category-79 category-66\" data-post-id=\"4374\" data-date=\"2019-11-01T09:45:02+01:00\" data-name=\"Bollig Voyages conduira dans le S\u00fcdeifel \u00e0 partir de d\u00e9cembre 2019\"><article class=\"post visible post-4374 type-post status-publish format-standard has-post-thumbnail hentry category-bollig-voyages-fr category-mobilite-au-quotidien-fr category-tempus-fr category-transports-publics-fr\" data-name=\"Bollig Voyages conduira dans le S\u00fcdeifel \u00e0 partir de d\u00e9cembre 2019\" data-date=\"2019-11-01T09:45:02+01:00\">\n\n\t<div class=\"post-thumbnail-wrap\">\n\t\t<div class=\"post-thumbnail\">\n\n\t\t\t<a class=\"post-thumbnail-rollover layzr-bg img-css-resize-wrapper\" aria-label=\"Image article\" href=\"https:\/\/wemobility.lu\/fr\/bollig-voyages-conduira-dans-le-sudeifel-a-partir-de-decembre-2019\/\"><img decoding=\"async\" width=\"1200\" height=\"480\" src=\"data:image\/svg+xml,%3Csvg%20xmlns%3D&#039;http%3A%2F%2Fwww.w3.org%2F2000%2Fsvg&#039;%20viewBox%3D&#039;0%200%201200%20480&#039;%2F%3E\" class=\"attachment-full size-full preload-me aspect lazy lazy-load\" alt=\"\" sizes=\"(max-width: 1200px) 100vw, 1200px\" style=\"--ratio: 1200 \/ 480;\" data-src=\"https:\/\/wemobility.lu\/wp-content\/uploads\/2020\/12\/news-tempus.jpg\" loading=\"eager\" data-srcset=\"https:\/\/wemobility.lu\/wp-content\/uploads\/2020\/12\/news-tempus.jpg 1200w, https:\/\/wemobility.lu\/wp-content\/uploads\/2020\/12\/news-tempus-300x120.jpg 300w, https:\/\/wemobility.lu\/wp-content\/uploads\/2020\/12\/news-tempus-1024x410.jpg 1024w, https:\/\/wemobility.lu\/wp-content\/uploads\/2020\/12\/news-tempus-768x307.jpg 768w\" \/><span class=\"the7-hover-icon\"><i aria-hidden=\"true\" class=\"fas fa-plus\"><\/i><\/span><\/a>\n\t\t<\/div>\n\t<\/div>\n\n\n<div class=\"post-entry-content\">\n\n\t<h3 class=\"ele-entry-title\"><a href=\"https:\/\/wemobility.lu\/fr\/bollig-voyages-conduira-dans-le-sudeifel-a-partir-de-decembre-2019\/\" rel=\"bookmark\" title=\"Bollig Voyages conduira dans le S\u00fcdeifel \u00e0 partir de d\u00e9cembre 2019\">Bollig Voyages conduira dans le S\u00fcdeifel \u00e0 partir de d\u00e9cembre 2019<\/a><\/h3><div class=\"entry-meta\"><span class=\"meta-item category-link\"><a href=\"https:\/\/wemobility.lu\/fr\/category\/bollig-voyages-fr\/\" rel=\"tag\">Bollig Voyages<\/a>, <a href=\"https:\/\/wemobility.lu\/fr\/category\/mobilite-au-quotidien-fr\/\" rel=\"tag\">Mobilit\u00e9 au quotidien<\/a>, <a href=\"https:\/\/wemobility.lu\/fr\/category\/tempus-fr\/\" rel=\"tag\">Tempus<\/a>, <a href=\"https:\/\/wemobility.lu\/fr\/category\/transports-publics-fr\/\" rel=\"tag\">Transports Publics<\/a><\/span><\/div><div class=\"entry-excerpt\"><p>En juin 2019, les compagnies partenaires Bollig Voyages et Voyages Emile Weber [\u2026]<\/p>\n<\/div>\n<\/div><\/article><\/div><\/div><!-- iso-container|iso-grid --><\/div>\t\t\t\t<\/div>\n\t\t\t\t<\/div>\n\t\t\t\t\t<\/div>\n\t\t<\/div>\n\t\t\t\t\t<\/div>\n\t\t<\/section>\n\t\t\t\t<section class=\"elementor-section elementor-top-section elementor-element elementor-element-4c9321d0 elementor-section-content-middle elementor-section-boxed elementor-section-height-default elementor-section-height-default\" data-id=\"4c9321d0\" data-element_type=\"section\" data-e-type=\"section\" data-settings=\"{&quot;_ha_eqh_enable&quot;:false}\">\n\t\t\t\t\t\t<div class=\"elementor-container elementor-column-gap-wider\">\n\t\t\t\t\t<div class=\"elementor-column elementor-col-100 elementor-top-column elementor-element elementor-element-77d6d2c1\" data-id=\"77d6d2c1\" data-element_type=\"column\" data-e-type=\"column\">\n\t\t\t<div class=\"elementor-widget-wrap elementor-element-populated\">\n\t\t\t\t\t\t<div class=\"elementor-element elementor-element-2c330af3 elementor-widget elementor-widget-heading\" data-id=\"2c330af3\" data-element_type=\"widget\" data-e-type=\"widget\" data-widget_type=\"heading.default\">\n\t\t\t\t<div class=\"elementor-widget-container\">\n\t\t\t\t\t<h3 class=\"elementor-heading-title elementor-size-default\">Voyons comment <span style=\"color: #00B7CD\">nous pouvons vous aider<\/span>!<\/h3>\t\t\t\t<\/div>\n\t\t\t\t<\/div>\n\t\t\t\t<div class=\"elementor-element elementor-element-21e81d elementor-widget elementor-widget-text-editor\" data-id=\"21e81d\" data-element_type=\"widget\" data-e-type=\"widget\" data-widget_type=\"text-editor.default\">\n\t\t\t\t<div class=\"elementor-widget-container\">\n\t\t\t\t\t\t\t\t\t<p>Si vous \u00eates int\u00e9ress\u00e9s par un partenariat avec nous, ou si vous avez d&rsquo;autres questions, n&rsquo;h\u00e9sitez pas \u00e0 nous contacter.<\/p>\t\t\t\t\t\t\t\t<\/div>\n\t\t\t\t<\/div>\n\t\t\t\t<div class=\"elementor-element elementor-element-7c0dda4 elementor-align-left elementor-mobile-align-justify elementor-widget elementor-widget-button\" data-id=\"7c0dda4\" data-element_type=\"widget\" data-e-type=\"widget\" data-widget_type=\"button.default\">\n\t\t\t\t<div class=\"elementor-widget-container\">\n\t\t\t\t\t\t\t\t\t<div class=\"elementor-button-wrapper\">\n\t\t\t\t\t<a class=\"elementor-button elementor-button-link elementor-size-lg\" href=\"\/fr\/Contactez-nous\/\">\n\t\t\t\t\t\t<span class=\"elementor-button-content-wrapper\">\n\t\t\t\t\t\t<span class=\"elementor-button-icon\">\n\t\t\t\t<i aria-hidden=\"true\" class=\" dt-icon-the7-arrow-35-2\"><\/i>\t\t\t<\/span>\n\t\t\t\t\t\t\t\t\t<span class=\"elementor-button-text\">Planifions ensemble vos projets<\/span>\n\t\t\t\t\t<\/span>\n\t\t\t\t\t<\/a>\n\t\t\t\t<\/div>\n\t\t\t\t\t\t\t\t<\/div>\n\t\t\t\t<\/div>\n\t\t\t\t\t<\/div>\n\t\t<\/div>\n\t\t\t\t\t<\/div>\n\t\t<\/section>\n\t\t\t\t<section class=\"elementor-section elementor-top-section elementor-element elementor-element-2c244e1 elementor-section-boxed elementor-section-height-default elementor-section-height-default\" data-id=\"2c244e1\" data-element_type=\"section\" data-e-type=\"section\" data-settings=\"{&quot;_ha_eqh_enable&quot;:false}\">\n\t\t\t\t\t\t<div class=\"elementor-container elementor-column-gap-default\">\n\t\t\t\t\t<div class=\"elementor-column elementor-col-100 elementor-top-column elementor-element elementor-element-cc0635a\" data-id=\"cc0635a\" data-element_type=\"column\" data-e-type=\"column\">\n\t\t\t<div class=\"elementor-widget-wrap elementor-element-populated\">\n\t\t\t\t\t\t<div class=\"elementor-element elementor-element-4583714 elementor-widget elementor-widget-ha-carousel happy-addon ha-carousel\" data-id=\"4583714\" data-element_type=\"widget\" data-e-type=\"widget\" id=\"logo-carousel-wrapper\" data-settings=\"{&quot;animation_speed&quot;:300,&quot;loop&quot;:&quot;yes&quot;,&quot;navigation&quot;:&quot;arrow&quot;,&quot;slides_to_show&quot;:4,&quot;slides_to_show_tablet&quot;:3,&quot;slides_to_show_mobile&quot;:2}\" data-widget_type=\"ha-carousel.default\">\n\t\t\t\t<div class=\"elementor-widget-container\">\n\t\t\t\t\t\n\t\t<div data-ha_rcc_uid=\"\" class=\"hajs-slick ha-slick ha-slick--carousel\">\n\n\t\t\t\n\t\t\t\t<div class=\"ha-slick-slide slick-slide\">\n\t\t\t\t\t<a class=\"ha-slick-item\" href=\"http:\/\/www.fleaa.lu\/\" target=\"_blank\">\n\t\t\t\t\t\t\t\t\t\t\t\t\t<img decoding=\"async\" class=\"ha-slick-img\" src=\"https:\/\/wemobility.lu\/wp-content\/uploads\/2020\/07\/fleaa-logo-768x512.gif\" alt=\"\">\n\t\t\t\t\t\t\n\t\t\t\t\t\t\t\t\t\t\t<\/a>\n\t\t\t\t<\/div>\n\n\t\t\t\n\t\t\t\t<div class=\"ha-slick-slide slick-slide\">\n\t\t\t\t\t<a class=\"ha-slick-item\" href=\"https:\/\/www.mobiliteit.lu\/\" target=\"_blank\">\n\t\t\t\t\t\t\t\t\t\t\t\t\t<img decoding=\"async\" class=\"ha-slick-img\" src=\"https:\/\/wemobility.lu\/wp-content\/uploads\/2020\/07\/mobiliteit-logo-768x512.gif\" alt=\"\">\n\t\t\t\t\t\t\n\t\t\t\t\t\t\t\t\t\t\t<\/a>\n\t\t\t\t<\/div>\n\n\t\t\t\n\t\t\t\t<div class=\"ha-slick-slide slick-slide\">\n\t\t\t\t\t<a class=\"ha-slick-item\" href=\"https:\/\/mmtp.gouvernement.lu\/en.html\" target=\"_blank\">\n\t\t\t\t\t\t\t\t\t\t\t\t\t<img decoding=\"async\" class=\"ha-slick-img\" src=\"https:\/\/wemobility.lu\/wp-content\/uploads\/2020\/11\/ministere-logo-hover-768x512.gif\" alt=\"\">\n\t\t\t\t\t\t\n\t\t\t\t\t\t\t\t\t\t\t<\/a>\n\t\t\t\t<\/div>\n\n\t\t\t\n\t\t\t\t<div class=\"ha-slick-slide slick-slide\">\n\t\t\t\t\t<a class=\"ha-slick-item\" href=\"https:\/\/echternach.lu\/\" target=\"_blank\">\n\t\t\t\t\t\t\t\t\t\t\t\t\t<img decoding=\"async\" class=\"ha-slick-img\" src=\"https:\/\/wemobility.lu\/wp-content\/uploads\/2020\/11\/echternach-logo-hover-768x512.gif\" alt=\"\">\n\t\t\t\t\t\t\n\t\t\t\t\t\t\t\t\t\t\t<\/a>\n\t\t\t\t<\/div>\n\n\t\t\t\n\t\t\t\t<div class=\"ha-slick-slide slick-slide\">\n\t\t\t\t\t<a class=\"ha-slick-item\" href=\"https:\/\/ettelbruck.lu\/\" target=\"_blank\">\n\t\t\t\t\t\t\t\t\t\t\t\t\t<img decoding=\"async\" class=\"ha-slick-img\" src=\"https:\/\/wemobility.lu\/wp-content\/uploads\/2020\/11\/ettelbruck-logo-hover-768x512.gif\" alt=\"\">\n\t\t\t\t\t\t\n\t\t\t\t\t\t\t\t\t\t\t<\/a>\n\t\t\t\t<\/div>\n\n\t\t\t\n\t\t\t\t<div class=\"ha-slick-slide slick-slide\">\n\t\t\t\t\t<a class=\"ha-slick-item\" href=\"https:\/\/www.diekirch.lu\/fr\/commune-de-diekirch\" target=\"_blank\">\n\t\t\t\t\t\t\t\t\t\t\t\t\t<img decoding=\"async\" class=\"ha-slick-img\" src=\"https:\/\/wemobility.lu\/wp-content\/uploads\/2020\/11\/diekirch-logo-hover-768x512.gif\" alt=\"\">\n\t\t\t\t\t\t\n\t\t\t\t\t\t\t\t\t\t\t<\/a>\n\t\t\t\t<\/div>\n\n\t\t\t\n\t\t\t\t<div class=\"ha-slick-slide slick-slide\">\n\t\t\t\t\t<a class=\"ha-slick-item\" href=\"https:\/\/www.infogreen.lu\/\" target=\"_blank\">\n\t\t\t\t\t\t\t\t\t\t\t\t\t<img decoding=\"async\" class=\"ha-slick-img\" src=\"https:\/\/wemobility.lu\/wp-content\/uploads\/2020\/07\/infogreen-logo-768x512.gif\" alt=\"\">\n\t\t\t\t\t\t\n\t\t\t\t\t\t\t\t\t\t\t<\/a>\n\t\t\t\t<\/div>\n\n\t\t\t\n\t\t\t\t<div class=\"ha-slick-slide slick-slide\">\n\t\t\t\t\t<a class=\"ha-slick-item\" href=\"https:\/\/imslux.lu\/\" target=\"_blank\">\n\t\t\t\t\t\t\t\t\t\t\t\t\t<img decoding=\"async\" class=\"ha-slick-img\" src=\"https:\/\/wemobility.lu\/wp-content\/uploads\/2020\/11\/IMS-logo-hover-768x512.gif\" alt=\"\">\n\t\t\t\t\t\t\n\t\t\t\t\t\t\t\t\t\t\t<\/a>\n\t\t\t\t<\/div>\n\n\t\t\t\n\t\t<\/div>\n\n\t\t\t\t\t<button type=\"button\" class=\"slick-prev\"><i aria-hidden=\"true\" class=\"fas fa-chevron-left\"><\/i><\/button>\n\t\t\n\t\t\t\t\t<button type=\"button\" class=\"slick-next\"><i aria-hidden=\"true\" class=\"fas fa-chevron-right\"><\/i><\/button>\n\t\t\n\t\t\t\t\t\t<\/div>\n\t\t\t\t<\/div>\n\t\t\t\t\t<\/div>\n\t\t<\/div>\n\t\t\t\t\t<\/div>\n\t\t<\/section>\n\t\t\t\t<\/div>\n\t\t","protected":false},"excerpt":{"rendered":"<p>Bollig news. Vous voulez en savoir davantage sur Bollig Mobility Group ? &nbsp; Ici, vous allez trouver les derni\u00e8res nouvelles concernant les partenariats et les \u00e9volutions au sein de notre compagnie. A propos de nous. Voir toutAlltagsmobilit\u00e4tBollig VoyagesBollig-GroupCSRE-Mobilit\u00e4tNachhaltigkeit\u00d6ffentlicher VerkehrTempusVoyages Simon Der dritte CSR-Bericht ist erschienen! Alltagsmobilit\u00e4t, Bollig-Group, CSR, Nachhaltigkeit, \u00d6ffentlicher Verkehr Bollig Mobility Group engagiert&hellip;<\/p>\n","protected":false},"author":1,"featured_media":0,"parent":0,"menu_order":30,"comment_status":"closed","ping_status":"closed","template":"","meta":{"footnotes":""},"class_list":["post-4413","page","type-page","status-publish","hentry"],"yoast_head":"<!-- This site is optimized with the Yoast SEO plugin v26.9 - https:\/\/yoast.com\/product\/yoast-seo-wordpress\/ -->\n<title>Actualit\u00e9s Bollig - WEmobility - En mouvement. Ensemble.<\/title>\n<meta name=\"description\" content=\"Actualit\u00e9s Bollig. Vous voulez en savoir plus sur nous ? Vous trouverez ici toutes les actualit\u00e9s \u00e0 propos de nos partenariats et de notre d\u00e9veloppement.\" \/>\n<meta name=\"robots\" content=\"index, follow, max-snippet:-1, max-image-preview:large, max-video-preview:-1\" \/>\n<link rel=\"canonical\" href=\"https:\/\/wemobility.lu\/fr\/actualites-bollig\/\" \/>\n<meta property=\"og:locale\" content=\"fr_FR\" \/>\n<meta property=\"og:type\" content=\"article\" \/>\n<meta property=\"og:title\" content=\"Actualit\u00e9s Bollig - WEmobility - En mouvement. Ensemble.\" \/>\n<meta property=\"og:description\" content=\"Actualit\u00e9s Bollig. Vous voulez en savoir plus sur nous ? Vous trouverez ici toutes les actualit\u00e9s \u00e0 propos de nos partenariats et de notre d\u00e9veloppement.\" \/>\n<meta property=\"og:url\" content=\"https:\/\/wemobility.lu\/fr\/actualites-bollig\/\" \/>\n<meta property=\"og:site_name\" content=\"WEmobility\" \/>\n<meta property=\"article:modified_time\" content=\"2022-02-11T09:15:13+00:00\" \/>\n<meta property=\"og:image\" content=\"https:\/\/wemobility.lu\/wp-content\/uploads\/2020\/07\/fleaa-logo-768x512.gif\" \/>\n<meta name=\"twitter:card\" content=\"summary_large_image\" \/>\n<meta name=\"twitter:label1\" content=\"Dur\u00e9e de lecture estim\u00e9e\" \/>\n\t<meta name=\"twitter:data1\" content=\"9 minutes\" \/>\n<script type=\"application\/ld+json\" class=\"yoast-schema-graph\">{\"@context\":\"https:\/\/schema.org\",\"@graph\":[{\"@type\":\"WebPage\",\"@id\":\"https:\/\/wemobility.lu\/fr\/actualites-bollig\/\",\"url\":\"https:\/\/wemobility.lu\/fr\/actualites-bollig\/\",\"name\":\"Actualit\u00e9s Bollig - WEmobility - En mouvement. Ensemble.\",\"isPartOf\":{\"@id\":\"https:\/\/wemobility.lu\/fr\/#website\"},\"primaryImageOfPage\":{\"@id\":\"https:\/\/wemobility.lu\/fr\/actualites-bollig\/#primaryimage\"},\"image\":{\"@id\":\"https:\/\/wemobility.lu\/fr\/actualites-bollig\/#primaryimage\"},\"thumbnailUrl\":\"https:\/\/wemobility.lu\/wp-content\/uploads\/2020\/07\/fleaa-logo-768x512.gif\",\"datePublished\":\"2020-09-30T16:11:06+00:00\",\"dateModified\":\"2022-02-11T09:15:13+00:00\",\"description\":\"Actualit\u00e9s Bollig. Vous voulez en savoir plus sur nous ? Vous trouverez ici toutes les actualit\u00e9s \u00e0 propos de nos partenariats et de notre d\u00e9veloppement.\",\"breadcrumb\":{\"@id\":\"https:\/\/wemobility.lu\/fr\/actualites-bollig\/#breadcrumb\"},\"inLanguage\":\"fr-FR\",\"potentialAction\":[{\"@type\":\"ReadAction\",\"target\":[\"https:\/\/wemobility.lu\/fr\/actualites-bollig\/\"]}]},{\"@type\":\"ImageObject\",\"inLanguage\":\"fr-FR\",\"@id\":\"https:\/\/wemobility.lu\/fr\/actualites-bollig\/#primaryimage\",\"url\":\"https:\/\/wemobility.lu\/wp-content\/uploads\/2020\/07\/fleaa-logo-768x512.gif\",\"contentUrl\":\"https:\/\/wemobility.lu\/wp-content\/uploads\/2020\/07\/fleaa-logo-768x512.gif\"},{\"@type\":\"BreadcrumbList\",\"@id\":\"https:\/\/wemobility.lu\/fr\/actualites-bollig\/#breadcrumb\",\"itemListElement\":[{\"@type\":\"ListItem\",\"position\":1,\"name\":\"Home\",\"item\":\"https:\/\/wemobility.lu\/fr\/\"},{\"@type\":\"ListItem\",\"position\":2,\"name\":\"Actualit\u00e9s Bollig\"}]},{\"@type\":\"WebSite\",\"@id\":\"https:\/\/wemobility.lu\/fr\/#website\",\"url\":\"https:\/\/wemobility.lu\/fr\/\",\"name\":\"WEmobility\",\"description\":\"In motion. Together.\",\"publisher\":{\"@id\":\"https:\/\/wemobility.lu\/fr\/#organization\"},\"potentialAction\":[{\"@type\":\"SearchAction\",\"target\":{\"@type\":\"EntryPoint\",\"urlTemplate\":\"https:\/\/wemobility.lu\/fr\/?s={search_term_string}\"},\"query-input\":{\"@type\":\"PropertyValueSpecification\",\"valueRequired\":true,\"valueName\":\"search_term_string\"}}],\"inLanguage\":\"fr-FR\"},{\"@type\":\"Organization\",\"@id\":\"https:\/\/wemobility.lu\/fr\/#organization\",\"name\":\"WEmobility\",\"url\":\"https:\/\/wemobility.lu\/fr\/\",\"logo\":{\"@type\":\"ImageObject\",\"inLanguage\":\"fr-FR\",\"@id\":\"https:\/\/wemobility.lu\/fr\/#\/schema\/logo\/image\/\",\"url\":\"https:\/\/wemobility.lu\/wp-content\/uploads\/2022\/06\/bollig-wemobility-logo.png\",\"contentUrl\":\"https:\/\/wemobility.lu\/wp-content\/uploads\/2022\/06\/bollig-wemobility-logo.png\",\"width\":2664,\"height\":1942,\"caption\":\"WEmobility\"},\"image\":{\"@id\":\"https:\/\/wemobility.lu\/fr\/#\/schema\/logo\/image\/\"}}]}<\/script>\n<!-- \/ Yoast SEO plugin. -->","yoast_head_json":{"title":"Actualit\u00e9s Bollig - WEmobility - En mouvement. Ensemble.","description":"Actualit\u00e9s Bollig. Vous voulez en savoir plus sur nous ? Vous trouverez ici toutes les actualit\u00e9s \u00e0 propos de nos partenariats et de notre d\u00e9veloppement.","robots":{"index":"index","follow":"follow","max-snippet":"max-snippet:-1","max-image-preview":"max-image-preview:large","max-video-preview":"max-video-preview:-1"},"canonical":"https:\/\/wemobility.lu\/fr\/actualites-bollig\/","og_locale":"fr_FR","og_type":"article","og_title":"Actualit\u00e9s Bollig - WEmobility - En mouvement. Ensemble.","og_description":"Actualit\u00e9s Bollig. Vous voulez en savoir plus sur nous ? Vous trouverez ici toutes les actualit\u00e9s \u00e0 propos de nos partenariats et de notre d\u00e9veloppement.","og_url":"https:\/\/wemobility.lu\/fr\/actualites-bollig\/","og_site_name":"WEmobility","article_modified_time":"2022-02-11T09:15:13+00:00","og_image":[{"url":"https:\/\/wemobility.lu\/wp-content\/uploads\/2020\/07\/fleaa-logo-768x512.gif","type":"","width":"","height":""}],"twitter_card":"summary_large_image","twitter_misc":{"Dur\u00e9e de lecture estim\u00e9e":"9 minutes"},"schema":{"@context":"https:\/\/schema.org","@graph":[{"@type":"WebPage","@id":"https:\/\/wemobility.lu\/fr\/actualites-bollig\/","url":"https:\/\/wemobility.lu\/fr\/actualites-bollig\/","name":"Actualit\u00e9s Bollig - WEmobility - En mouvement. Ensemble.","isPartOf":{"@id":"https:\/\/wemobility.lu\/fr\/#website"},"primaryImageOfPage":{"@id":"https:\/\/wemobility.lu\/fr\/actualites-bollig\/#primaryimage"},"image":{"@id":"https:\/\/wemobility.lu\/fr\/actualites-bollig\/#primaryimage"},"thumbnailUrl":"https:\/\/wemobility.lu\/wp-content\/uploads\/2020\/07\/fleaa-logo-768x512.gif","datePublished":"2020-09-30T16:11:06+00:00","dateModified":"2022-02-11T09:15:13+00:00","description":"Actualit\u00e9s Bollig. Vous voulez en savoir plus sur nous ? Vous trouverez ici toutes les actualit\u00e9s \u00e0 propos de nos partenariats et de notre d\u00e9veloppement.","breadcrumb":{"@id":"https:\/\/wemobility.lu\/fr\/actualites-bollig\/#breadcrumb"},"inLanguage":"fr-FR","potentialAction":[{"@type":"ReadAction","target":["https:\/\/wemobility.lu\/fr\/actualites-bollig\/"]}]},{"@type":"ImageObject","inLanguage":"fr-FR","@id":"https:\/\/wemobility.lu\/fr\/actualites-bollig\/#primaryimage","url":"https:\/\/wemobility.lu\/wp-content\/uploads\/2020\/07\/fleaa-logo-768x512.gif","contentUrl":"https:\/\/wemobility.lu\/wp-content\/uploads\/2020\/07\/fleaa-logo-768x512.gif"},{"@type":"BreadcrumbList","@id":"https:\/\/wemobility.lu\/fr\/actualites-bollig\/#breadcrumb","itemListElement":[{"@type":"ListItem","position":1,"name":"Home","item":"https:\/\/wemobility.lu\/fr\/"},{"@type":"ListItem","position":2,"name":"Actualit\u00e9s Bollig"}]},{"@type":"WebSite","@id":"https:\/\/wemobility.lu\/fr\/#website","url":"https:\/\/wemobility.lu\/fr\/","name":"WEmobility","description":"In motion. Together.","publisher":{"@id":"https:\/\/wemobility.lu\/fr\/#organization"},"potentialAction":[{"@type":"SearchAction","target":{"@type":"EntryPoint","urlTemplate":"https:\/\/wemobility.lu\/fr\/?s={search_term_string}"},"query-input":{"@type":"PropertyValueSpecification","valueRequired":true,"valueName":"search_term_string"}}],"inLanguage":"fr-FR"},{"@type":"Organization","@id":"https:\/\/wemobility.lu\/fr\/#organization","name":"WEmobility","url":"https:\/\/wemobility.lu\/fr\/","logo":{"@type":"ImageObject","inLanguage":"fr-FR","@id":"https:\/\/wemobility.lu\/fr\/#\/schema\/logo\/image\/","url":"https:\/\/wemobility.lu\/wp-content\/uploads\/2022\/06\/bollig-wemobility-logo.png","contentUrl":"https:\/\/wemobility.lu\/wp-content\/uploads\/2022\/06\/bollig-wemobility-logo.png","width":2664,"height":1942,"caption":"WEmobility"},"image":{"@id":"https:\/\/wemobility.lu\/fr\/#\/schema\/logo\/image\/"}}]}},"_links":{"self":[{"href":"https:\/\/wemobility.lu\/fr\/wp-json\/wp\/v2\/pages\/4413","targetHints":{"allow":["GET"]}}],"collection":[{"href":"https:\/\/wemobility.lu\/fr\/wp-json\/wp\/v2\/pages"}],"about":[{"href":"https:\/\/wemobility.lu\/fr\/wp-json\/wp\/v2\/types\/page"}],"author":[{"embeddable":true,"href":"https:\/\/wemobility.lu\/fr\/wp-json\/wp\/v2\/users\/1"}],"replies":[{"embeddable":true,"href":"https:\/\/wemobility.lu\/fr\/wp-json\/wp\/v2\/comments?post=4413"}],"version-history":[{"count":39,"href":"https:\/\/wemobility.lu\/fr\/wp-json\/wp\/v2\/pages\/4413\/revisions"}],"predecessor-version":[{"id":6804,"href":"https:\/\/wemobility.lu\/fr\/wp-json\/wp\/v2\/pages\/4413\/revisions\/6804"}],"wp:attachment":[{"href":"https:\/\/wemobility.lu\/fr\/wp-json\/wp\/v2\/media?parent=4413"}],"curies":[{"name":"wp","href":"https:\/\/api.w.org\/{rel}","templated":true}]}}