{"id":3149,"date":"2020-09-30T16:11:06","date_gmt":"2020-09-30T16:11:06","guid":{"rendered":"https:\/\/bollig-mobility.lu\/?page_id=3149"},"modified":"2022-06-15T14:47:29","modified_gmt":"2022-06-15T13:47:29","slug":"bollig-news","status":"publish","type":"page","link":"https:\/\/wemobility.lu\/en\/bollig-news\/","title":{"rendered":"Bollig news"},"content":{"rendered":"\t\t<div data-elementor-type=\"wp-page\" data-elementor-id=\"3149\" class=\"elementor elementor-3149\" data-elementor-settings=\"{&quot;ha_cmc_init_switcher&quot;:&quot;no&quot;}\" data-elementor-post-type=\"page\">\n\t\t\t\t\t\t<section class=\"elementor-section elementor-top-section elementor-element elementor-element-2b085af elementor-section-boxed elementor-section-height-default elementor-section-height-default\" data-id=\"2b085af\" data-element_type=\"section\" data-e-type=\"section\" data-settings=\"{&quot;background_background&quot;:&quot;classic&quot;,&quot;_ha_eqh_enable&quot;:false}\">\n\t\t\t\t\t\t<div class=\"elementor-container elementor-column-gap-wider\">\n\t\t\t\t\t<div class=\"elementor-column elementor-col-50 elementor-top-column elementor-element elementor-element-a99a200\" data-id=\"a99a200\" data-element_type=\"column\" data-e-type=\"column\">\n\t\t\t<div class=\"elementor-widget-wrap elementor-element-populated\">\n\t\t\t\t\t\t<div class=\"elementor-element elementor-element-00803b0 elementor-widget elementor-widget-heading\" data-id=\"00803b0\" data-element_type=\"widget\" data-e-type=\"widget\" data-widget_type=\"heading.default\">\n\t\t\t\t<div class=\"elementor-widget-container\">\n\t\t\t\t\t<h2 class=\"elementor-heading-title elementor-size-default\">WEmobility &lt;span style=&quot;color: #7b003b;&quot; news<\/span>.<\/h2>\t\t\t\t<\/div>\n\t\t\t\t<\/div>\n\t\t\t\t<div class=\"elementor-element elementor-element-23008f1 elementor-widget elementor-widget-text-editor\" data-id=\"23008f1\" data-element_type=\"widget\" data-e-type=\"widget\" data-widget_type=\"text-editor.default\">\n\t\t\t\t<div class=\"elementor-widget-container\">\n\t\t\t\t\t\t\t\t\t<div class=\"ewa-rteLine\">Would you like to know more about the Bollig Mobility Group?<\/div><div class=\"ewa-rteLine\">\u00a0<\/div><div class=\"ewa-rteLine\">Here you will find current news about partnerships and developments in our company.<\/div>\t\t\t\t\t\t\t\t<\/div>\n\t\t\t\t<\/div>\n\t\t\t\t\t<\/div>\n\t\t<\/div>\n\t\t\t\t<div class=\"elementor-column elementor-col-50 elementor-top-column elementor-element elementor-element-2bbc021\" data-id=\"2bbc021\" data-element_type=\"column\" data-e-type=\"column\" data-settings=\"{&quot;background_background&quot;:&quot;classic&quot;}\">\n\t\t\t<div class=\"elementor-widget-wrap\">\n\t\t\t\t\t\t\t<\/div>\n\t\t<\/div>\n\t\t\t\t\t<\/div>\n\t\t<\/section>\n\t\t\t\t<section class=\"elementor-section elementor-top-section elementor-element elementor-element-5f14ecb elementor-section-full_width elementor-section-height-min-height elementor-section-height-default elementor-section-items-middle\" data-id=\"5f14ecb\" data-element_type=\"section\" data-e-type=\"section\" data-settings=\"{&quot;background_background&quot;:&quot;classic&quot;,&quot;_ha_eqh_enable&quot;:false}\">\n\t\t\t\t\t\t<div class=\"elementor-container elementor-column-gap-no\">\n\t\t\t\t\t<div class=\"elementor-column elementor-col-100 elementor-top-column elementor-element elementor-element-f6bdb14\" data-id=\"f6bdb14\" data-element_type=\"column\" data-e-type=\"column\" data-settings=\"{&quot;background_background&quot;:&quot;classic&quot;,&quot;background_motion_fx_motion_fx_scrolling&quot;:&quot;yes&quot;,&quot;background_motion_fx_translateY_effect&quot;:&quot;yes&quot;,&quot;background_motion_fx_translateY_speed&quot;:{&quot;unit&quot;:&quot;px&quot;,&quot;size&quot;:5,&quot;sizes&quot;:[]},&quot;background_motion_fx_translateY_affectedRange&quot;:{&quot;unit&quot;:&quot;%&quot;,&quot;size&quot;:&quot;&quot;,&quot;sizes&quot;:{&quot;start&quot;:0,&quot;end&quot;:100}},&quot;background_motion_fx_devices&quot;:[&quot;desktop&quot;,&quot;tablet&quot;,&quot;mobile&quot;]}\">\n\t\t\t<div class=\"elementor-widget-wrap elementor-element-populated\">\n\t\t\t\t\t\t<div class=\"elementor-element elementor-element-0346775 ha-has-bg-overlay elementor-widget elementor-widget-spacer\" data-id=\"0346775\" data-element_type=\"widget\" data-e-type=\"widget\" data-widget_type=\"spacer.default\">\n\t\t\t\t<div class=\"elementor-widget-container\">\n\t\t\t\t\t\t\t<div class=\"elementor-spacer\">\n\t\t\t<div class=\"elementor-spacer-inner\"><\/div>\n\t\t<\/div>\n\t\t\t\t\t\t<\/div>\n\t\t\t\t<\/div>\n\t\t\t\t\t<\/div>\n\t\t<\/div>\n\t\t\t\t\t<\/div>\n\t\t<\/section>\n\t\t\t\t<section class=\"elementor-section elementor-top-section elementor-element elementor-element-ab842fa elementor-section-boxed elementor-section-height-default elementor-section-height-default\" data-id=\"ab842fa\" data-element_type=\"section\" data-e-type=\"section\" data-settings=\"{&quot;_ha_eqh_enable&quot;:false}\">\n\t\t\t\t\t\t<div class=\"elementor-container elementor-column-gap-default\">\n\t\t\t\t\t<div class=\"elementor-column elementor-col-100 elementor-top-column elementor-element elementor-element-70fb714\" data-id=\"70fb714\" data-element_type=\"column\" data-e-type=\"column\">\n\t\t\t<div class=\"elementor-widget-wrap elementor-element-populated\">\n\t\t\t\t\t\t<div class=\"elementor-element elementor-element-da6cf60 elementor-widget elementor-widget-heading\" data-id=\"da6cf60\" data-element_type=\"widget\" data-e-type=\"widget\" data-widget_type=\"heading.default\">\n\t\t\t\t<div class=\"elementor-widget-container\">\n\t\t\t\t\t<h3 class=\"elementor-heading-title elementor-size-default\">All around <span style=\"color: #7b003b\">us<\/span>.<\/h3>\t\t\t\t<\/div>\n\t\t\t\t<\/div>\n\t\t\t\t\t<\/div>\n\t\t<\/div>\n\t\t\t\t\t<\/div>\n\t\t<\/section>\n\t\t\t\t<section class=\"elementor-section elementor-top-section elementor-element elementor-element-49f665a elementor-section-boxed elementor-section-height-default elementor-section-height-default\" data-id=\"49f665a\" data-element_type=\"section\" data-e-type=\"section\" data-settings=\"{&quot;_ha_eqh_enable&quot;:false}\">\n\t\t\t\t\t\t<div class=\"elementor-container elementor-column-gap-default\">\n\t\t\t\t\t<div class=\"elementor-column elementor-col-100 elementor-top-column elementor-element elementor-element-9533804\" data-id=\"9533804\" data-element_type=\"column\" data-e-type=\"column\">\n\t\t\t<div class=\"elementor-widget-wrap elementor-element-populated\">\n\t\t\t\t\t\t<div class=\"elementor-element elementor-element-e356ba7 preserve-img-ratio-cover elementor-widget elementor-widget-the7_elements\" data-id=\"e356ba7\" data-element_type=\"widget\" data-e-type=\"widget\" data-widget_type=\"the7_elements.default\">\n\t\t\t\t<div class=\"elementor-widget-container\">\n\t\t\t\t\t<div class=\"portfolio-shortcode the7-elementor-widget the7_elements-e356ba7 mode-grid dt-css-grid-wrap classic-layout-list description-under-image quick-scale-img content-bg-on resize-by-browser-width widget-with-filter loading-effect-none\" data-padding=\"30px\" data-mobile-columns-num=\"1\" data-tablet-columns-num=\"2\" data-desktop-columns-num=\"3\" data-wide-desktop-columns-num=\"3\" data-post-limit=\"-1\" data-pagination-mode=\"standard\" data-scroll-offset=\"\"><div class=\"iso-filter filter-decorations without-isotope css-grid-filter extras-off filter filter-pointer-default show-filter-categories   filter-underline-decoration\"><div class=\"filter-categories\" data-default-order=\"\" data-default-orderby=\"\"><a href=\"https:\/\/wemobility.lu\/en\/bollig-news\/\" class=\"show-all filter-item act\" data-filter=\"*\" aria-label=\"Apply filter: View all\">View all<\/a><a href=\"https:\/\/wemobility.lu\/en\/bollig-news\/?term=bollig-group\" class=\"filter-item bollig-group\" data-filter=\".category-22\" aria-label=\"Apply filter: Bollig-Group\">Bollig-Group<\/a><a href=\"https:\/\/wemobility.lu\/en\/bollig-news\/?term=bollig-voyages\" class=\"filter-item bollig-voyages\" data-filter=\".category-57\" aria-label=\"Apply filter: Bollig Voyages\">Bollig Voyages<\/a><a href=\"https:\/\/wemobility.lu\/en\/bollig-news\/?term=csr-2\" class=\"filter-item csr-2\" data-filter=\".category-47\" aria-label=\"Apply filter: CSR\">CSR<\/a><a href=\"https:\/\/wemobility.lu\/en\/bollig-news\/?term=e-mobility\" class=\"filter-item e-mobility\" data-filter=\".category-60\" aria-label=\"Apply filter: E-Mobility\">E-Mobility<\/a><a href=\"https:\/\/wemobility.lu\/en\/bollig-news\/?term=everyday-mobility\" class=\"filter-item everyday-mobility\" data-filter=\".category-19\" aria-label=\"Apply filter: Everyday Mobility\">Everyday Mobility<\/a><a href=\"https:\/\/wemobility.lu\/en\/bollig-news\/?term=public-transport\" class=\"filter-item public-transport\" data-filter=\".category-49\" aria-label=\"Apply filter: Public Transport\">Public Transport<\/a><a href=\"https:\/\/wemobility.lu\/en\/bollig-news\/?term=sustainability\" class=\"filter-item sustainability\" data-filter=\".category-25\" aria-label=\"Apply filter: Sustainability\">Sustainability<\/a><a href=\"https:\/\/wemobility.lu\/en\/bollig-news\/?term=tempus-en\" class=\"filter-item tempus-en\" data-filter=\".category-78\" aria-label=\"Apply filter: Tempus\">Tempus<\/a><a href=\"https:\/\/wemobility.lu\/en\/bollig-news\/?term=voyages-simon\" class=\"filter-item voyages-simon\" data-filter=\".category-48\" aria-label=\"Apply filter: Voyages Simon\">Voyages Simon<\/a><\/div><\/div><div class=\"dt-css-grid custom-pagination-handler\"><div class=\"visible wf-cell category-22 category-47 category-19 category-49 category-25\" data-post-id=\"6477\" data-date=\"2021-11-08T11:06:06+01:00\" data-name=\"Our new CSR report is here!\"><article class=\"post visible post-6477 type-post status-publish format-standard has-post-thumbnail hentry category-bollig-group category-csr-2 category-everyday-mobility category-public-transport category-sustainability category-22 category-47 category-19 category-49 category-25 description-off\" data-name=\"Our new CSR report is here!\" data-date=\"2021-11-08T11:06:06+01:00\">\n\n\t<div class=\"post-thumbnail-wrap\">\n\t\t<div class=\"post-thumbnail\">\n\n\t\t\t<a class=\"post-thumbnail-rollover layzr-bg img-css-resize-wrapper\" aria-label=\"Post image\" href=\"https:\/\/wemobility.lu\/en\/der-dritte-csr-bericht-ist-erschienen\/\"><img fetchpriority=\"high\" decoding=\"async\" width=\"1800\" height=\"600\" src=\"data:image\/svg+xml,%3Csvg%20xmlns%3D&#039;http%3A%2F%2Fwww.w3.org%2F2000%2Fsvg&#039;%20viewBox%3D&#039;0%200%201800%20600&#039;%2F%3E\" class=\"attachment-full size-full preload-me aspect lazy lazy-load\" alt=\"\" sizes=\"(max-width: 1800px) 100vw, 1800px\" style=\"--ratio: 1800 \/ 600;\" data-src=\"https:\/\/wemobility.lu\/wp-content\/uploads\/2021\/11\/Rapport-de-Responsabilite-Societale-2091-2020-4.png\" loading=\"eager\" data-srcset=\"https:\/\/wemobility.lu\/wp-content\/uploads\/2021\/11\/Rapport-de-Responsabilite-Societale-2091-2020-4.png 1800w, https:\/\/wemobility.lu\/wp-content\/uploads\/2021\/11\/Rapport-de-Responsabilite-Societale-2091-2020-4-300x100.png 300w, https:\/\/wemobility.lu\/wp-content\/uploads\/2021\/11\/Rapport-de-Responsabilite-Societale-2091-2020-4-1024x341.png 1024w, https:\/\/wemobility.lu\/wp-content\/uploads\/2021\/11\/Rapport-de-Responsabilite-Societale-2091-2020-4-768x256.png 768w, https:\/\/wemobility.lu\/wp-content\/uploads\/2021\/11\/Rapport-de-Responsabilite-Societale-2091-2020-4-1536x512.png 1536w\" \/><span class=\"the7-hover-icon\"><i aria-hidden=\"true\" class=\"fas fa-plus\"><\/i><\/span><\/a>\n\t\t<\/div>\n\t<\/div>\n\n\n<div class=\"post-entry-content\">\n\n\t<h3 class=\"ele-entry-title\"><a href=\"https:\/\/wemobility.lu\/en\/der-dritte-csr-bericht-ist-erschienen\/\" rel=\"bookmark\" title=\"Our new CSR report is here!\">Our new CSR report is here!<\/a><\/h3><div class=\"entry-meta\"><span class=\"meta-item category-link\"><a href=\"https:\/\/wemobility.lu\/en\/category\/bollig-group\/\" rel=\"tag\">Bollig-Group<\/a>, <a href=\"https:\/\/wemobility.lu\/en\/category\/csr-2\/\" rel=\"tag\">CSR<\/a>, <a href=\"https:\/\/wemobility.lu\/en\/category\/everyday-mobility\/\" rel=\"tag\">Everyday Mobility<\/a>, <a href=\"https:\/\/wemobility.lu\/en\/category\/public-transport\/\" rel=\"tag\">Public Transport<\/a>, <a href=\"https:\/\/wemobility.lu\/en\/category\/sustainability\/\" rel=\"tag\">Sustainability<\/a><\/span><a href=\"https:\/\/wemobility.lu\/en\/2021\/11\/08\/\" title=\"11:06 am\" class=\"meta-item data-link\" rel=\"bookmark\"><time class=\"entry-date updated\" datetime=\"2021-11-08T11:06:06+01:00\">November 8, 2021<\/time><\/a><\/div><div class=\"entry-excerpt\"><p>Bollig Mobility Group engagiert sich bereits seit 5 Jahren im Bereich der unternehmerischen Nachhaltigkeit und gesellschaftlichen Verantwortung. [\u2026]<\/p>\n<\/div>\n<\/div><\/article><\/div><div class=\"visible wf-cell category-57 category-19 category-49 category-25\" data-post-id=\"5874\" data-date=\"2021-07-26T10:21:33+01:00\" data-name=\"Bollig Mobility Group joins the network of Responsibility Europe labelled companies\"><article class=\"post visible post-5874 type-post status-publish format-standard has-post-thumbnail hentry category-bollig-voyages category-everyday-mobility category-public-transport category-sustainability\" data-name=\"Bollig Mobility Group joins the network of Responsibility Europe labelled companies\" data-date=\"2021-07-26T10:21:33+01:00\">\n\n\t<div class=\"post-thumbnail-wrap\">\n\t\t<div class=\"post-thumbnail\">\n\n\t\t\t<a class=\"post-thumbnail-rollover layzr-bg img-css-resize-wrapper\" aria-label=\"Post image\" href=\"https:\/\/wemobility.lu\/en\/bollig-mobility-group-joins-the-network-of-responsibility-europe-labelled-companies\/\"><img decoding=\"async\" width=\"1920\" height=\"1080\" src=\"data:image\/svg+xml,%3Csvg%20xmlns%3D&#039;http%3A%2F%2Fwww.w3.org%2F2000%2Fsvg&#039;%20viewBox%3D&#039;0%200%201920%201080&#039;%2F%3E\" class=\"attachment-full size-full preload-me aspect lazy lazy-load\" alt=\"\" sizes=\"(max-width: 1920px) 100vw, 1920px\" style=\"--ratio: 1920 \/ 1080;\" data-src=\"https:\/\/wemobility.lu\/wp-content\/uploads\/2021\/07\/Cover-RE.png\" loading=\"eager\" data-srcset=\"https:\/\/wemobility.lu\/wp-content\/uploads\/2021\/07\/Cover-RE.png 1920w, https:\/\/wemobility.lu\/wp-content\/uploads\/2021\/07\/Cover-RE-300x169.png 300w, https:\/\/wemobility.lu\/wp-content\/uploads\/2021\/07\/Cover-RE-1024x576.png 1024w, https:\/\/wemobility.lu\/wp-content\/uploads\/2021\/07\/Cover-RE-768x432.png 768w, https:\/\/wemobility.lu\/wp-content\/uploads\/2021\/07\/Cover-RE-1536x864.png 1536w\" \/><span class=\"the7-hover-icon\"><i aria-hidden=\"true\" class=\"fas fa-plus\"><\/i><\/span><\/a>\n\t\t<\/div>\n\t<\/div>\n\n\n<div class=\"post-entry-content\">\n\n\t<h3 class=\"ele-entry-title\"><a href=\"https:\/\/wemobility.lu\/en\/bollig-mobility-group-joins-the-network-of-responsibility-europe-labelled-companies\/\" rel=\"bookmark\" title=\"Bollig Mobility Group joins the network of Responsibility Europe labelled companies\">Bollig Mobility Group joins the network of Responsibility Europe labelled companies<\/a><\/h3><div class=\"entry-meta\"><span class=\"meta-item category-link\"><a href=\"https:\/\/wemobility.lu\/en\/category\/bollig-voyages\/\" rel=\"tag\">Bollig Voyages<\/a>, <a href=\"https:\/\/wemobility.lu\/en\/category\/everyday-mobility\/\" rel=\"tag\">Everyday Mobility<\/a>, <a href=\"https:\/\/wemobility.lu\/en\/category\/public-transport\/\" rel=\"tag\">Public Transport<\/a>, <a href=\"https:\/\/wemobility.lu\/en\/category\/sustainability\/\" rel=\"tag\">Sustainability<\/a><\/span><a href=\"https:\/\/wemobility.lu\/en\/2021\/07\/26\/\" title=\"10:21 am\" class=\"meta-item data-link\" rel=\"bookmark\"><time class=\"entry-date updated\" datetime=\"2021-07-26T10:21:33+01:00\">July 26, 2021<\/time><\/a><\/div><div class=\"entry-excerpt\"><p>Our planet and daily life are more and more exposed to the consequences of climate change. [\u2026]<\/p>\n<\/div>\n<\/div><\/article><\/div><div class=\"visible wf-cell category-22 category-47 category-60 category-25\" data-post-id=\"5251\" data-date=\"2021-04-01T13:53:42+01:00\" data-name=\"Bollig Mobility Group awarded the label \u00abStroum beweegt - Elektresch an d\u2019Zukunft\u00bb\"><article class=\"post visible post-5251 type-post status-publish format-standard has-post-thumbnail hentry category-bollig-group category-csr-2 category-e-mobility category-sustainability\" data-name=\"Bollig Mobility Group awarded the label \u00abStroum beweegt &#8211; Elektresch an d\u2019Zukunft\u00bb\" data-date=\"2021-04-01T13:53:42+01:00\">\n\n\t<div class=\"post-thumbnail-wrap\">\n\t\t<div class=\"post-thumbnail\">\n\n\t\t\t<a class=\"post-thumbnail-rollover layzr-bg img-css-resize-wrapper\" aria-label=\"Post image\" href=\"https:\/\/wemobility.lu\/en\/bollig-mobility-group-awarded-the-label-stroum-beweegt-elektresch-an-dzukunft\/\"><img decoding=\"async\" width=\"1920\" height=\"1080\" src=\"data:image\/svg+xml,%3Csvg%20xmlns%3D&#039;http%3A%2F%2Fwww.w3.org%2F2000%2Fsvg&#039;%20viewBox%3D&#039;0%200%201920%201080&#039;%2F%3E\" class=\"attachment-full size-full preload-me aspect lazy lazy-load\" alt=\"\" sizes=\"(max-width: 1920px) 100vw, 1920px\" style=\"--ratio: 1920 \/ 1080;\" data-src=\"https:\/\/wemobility.lu\/wp-content\/uploads\/2021\/04\/Cover.png\" loading=\"eager\" data-srcset=\"https:\/\/wemobility.lu\/wp-content\/uploads\/2021\/04\/Cover.png 1920w, https:\/\/wemobility.lu\/wp-content\/uploads\/2021\/04\/Cover-300x169.png 300w, https:\/\/wemobility.lu\/wp-content\/uploads\/2021\/04\/Cover-1024x576.png 1024w, https:\/\/wemobility.lu\/wp-content\/uploads\/2021\/04\/Cover-768x432.png 768w, https:\/\/wemobility.lu\/wp-content\/uploads\/2021\/04\/Cover-1536x864.png 1536w\" \/><span class=\"the7-hover-icon\"><i aria-hidden=\"true\" class=\"fas fa-plus\"><\/i><\/span><\/a>\n\t\t<\/div>\n\t<\/div>\n\n\n<div class=\"post-entry-content\">\n\n\t<h3 class=\"ele-entry-title\"><a href=\"https:\/\/wemobility.lu\/en\/bollig-mobility-group-awarded-the-label-stroum-beweegt-elektresch-an-dzukunft\/\" rel=\"bookmark\" title=\"Bollig Mobility Group awarded the label \u00abStroum beweegt &#8211; Elektresch an d\u2019Zukunft\u00bb\">Bollig Mobility Group awarded the label \u00abStroum beweegt &#8211; Elektresch an d\u2019Zukunft\u00bb<\/a><\/h3><div class=\"entry-meta\"><span class=\"meta-item category-link\"><a href=\"https:\/\/wemobility.lu\/en\/category\/bollig-group\/\" rel=\"tag\">Bollig-Group<\/a>, <a href=\"https:\/\/wemobility.lu\/en\/category\/csr-2\/\" rel=\"tag\">CSR<\/a>, <a href=\"https:\/\/wemobility.lu\/en\/category\/e-mobility\/\" rel=\"tag\">E-Mobility<\/a>, <a href=\"https:\/\/wemobility.lu\/en\/category\/sustainability\/\" rel=\"tag\">Sustainability<\/a><\/span><a href=\"https:\/\/wemobility.lu\/en\/2021\/04\/01\/\" title=\"1:53 pm\" class=\"meta-item data-link\" rel=\"bookmark\"><time class=\"entry-date updated\" datetime=\"2021-04-01T13:53:42+01:00\">April 1, 2021<\/time><\/a><\/div><div class=\"entry-excerpt\"><p>The Bollig Mobility Group has been operating electrically for 5 years and will rely on environmentally friendly energies in the future even more. [\u2026]<\/p>\n<\/div>\n<\/div><\/article><\/div><div class=\"visible wf-cell category-22 category-47 category-60 category-25\" data-post-id=\"5153\" data-date=\"2021-03-29T14:45:46+01:00\" data-name=\"Electric since 2016 - Our Road Towards Electro-Mobility\"><article class=\"post visible post-5153 type-post status-publish format-standard has-post-thumbnail hentry category-bollig-group category-csr-2 category-e-mobility category-sustainability\" data-name=\"Electric since 2016 &#8211; Our Road Towards Electro-Mobility\" data-date=\"2021-03-29T14:45:46+01:00\">\n\n\t<div class=\"post-thumbnail-wrap\">\n\t\t<div class=\"post-thumbnail\">\n\n\t\t\t<a class=\"post-thumbnail-rollover layzr-bg img-css-resize-wrapper\" aria-label=\"Post image\" href=\"https:\/\/wemobility.lu\/en\/fully-electric-since-2016-our-road-towards-electro-mobility\/\"><img decoding=\"async\" width=\"1200\" height=\"480\" src=\"data:image\/svg+xml,%3Csvg%20xmlns%3D&#039;http%3A%2F%2Fwww.w3.org%2F2000%2Fsvg&#039;%20viewBox%3D&#039;0%200%201200%20480&#039;%2F%3E\" class=\"attachment-full size-full preload-me aspect lazy lazy-load\" alt=\"\" sizes=\"(max-width: 1200px) 100vw, 1200px\" style=\"--ratio: 1200 \/ 480;\" data-src=\"https:\/\/wemobility.lu\/wp-content\/uploads\/2021\/03\/Cover.jpg\" loading=\"eager\" data-srcset=\"https:\/\/wemobility.lu\/wp-content\/uploads\/2021\/03\/Cover.jpg 1200w, https:\/\/wemobility.lu\/wp-content\/uploads\/2021\/03\/Cover-300x120.jpg 300w, https:\/\/wemobility.lu\/wp-content\/uploads\/2021\/03\/Cover-1024x410.jpg 1024w, https:\/\/wemobility.lu\/wp-content\/uploads\/2021\/03\/Cover-768x307.jpg 768w\" \/><span class=\"the7-hover-icon\"><i aria-hidden=\"true\" class=\"fas fa-plus\"><\/i><\/span><\/a>\n\t\t<\/div>\n\t<\/div>\n\n\n<div class=\"post-entry-content\">\n\n\t<h3 class=\"ele-entry-title\"><a href=\"https:\/\/wemobility.lu\/en\/fully-electric-since-2016-our-road-towards-electro-mobility\/\" rel=\"bookmark\" title=\"Electric since 2016 &#8211; Our Road Towards Electro-Mobility\">Electric since 2016 &#8211; Our Road Towards Electro-Mobility<\/a><\/h3><div class=\"entry-meta\"><span class=\"meta-item category-link\"><a href=\"https:\/\/wemobility.lu\/en\/category\/bollig-group\/\" rel=\"tag\">Bollig-Group<\/a>, <a href=\"https:\/\/wemobility.lu\/en\/category\/csr-2\/\" rel=\"tag\">CSR<\/a>, <a href=\"https:\/\/wemobility.lu\/en\/category\/e-mobility\/\" rel=\"tag\">E-Mobility<\/a>, <a href=\"https:\/\/wemobility.lu\/en\/category\/sustainability\/\" rel=\"tag\">Sustainability<\/a><\/span><a href=\"https:\/\/wemobility.lu\/en\/2021\/03\/29\/\" title=\"2:45 pm\" class=\"meta-item data-link\" rel=\"bookmark\"><time class=\"entry-date updated\" datetime=\"2021-03-29T14:45:46+01:00\">March 29, 2021<\/time><\/a><\/div><div class=\"entry-excerpt\"><p>It has been exactly 5 years since we started our journey towards sustainable mobility with the commissioning of our first fully electric bus. In the meantime our fleet counts 11 electric vehicles [\u2026]<\/p>\n<\/div>\n<\/div><\/article><\/div><div class=\"visible wf-cell category-22 category-47 category-25\" data-post-id=\"4118\" data-date=\"2020-10-01T12:00:21+01:00\" data-name=\"RSE label for the entire Bollig Mobility Group\"><article class=\"post visible post-4118 type-post status-publish format-standard has-post-thumbnail hentry category-bollig-group category-csr-2 category-sustainability\" data-name=\"RSE label for the entire Bollig Mobility Group\" data-date=\"2020-10-01T12:00:21+01:00\">\n\n\t<div class=\"post-thumbnail-wrap\">\n\t\t<div class=\"post-thumbnail\">\n\n\t\t\t<a class=\"post-thumbnail-rollover layzr-bg img-css-resize-wrapper\" aria-label=\"Post image\" href=\"https:\/\/wemobility.lu\/en\/rse-label-for-the-entire-bollig-mobility-group\/\"><img decoding=\"async\" width=\"1200\" height=\"480\" src=\"data:image\/svg+xml,%3Csvg%20xmlns%3D&#039;http%3A%2F%2Fwww.w3.org%2F2000%2Fsvg&#039;%20viewBox%3D&#039;0%200%201200%20480&#039;%2F%3E\" class=\"attachment-full size-full preload-me aspect lazy lazy-load\" alt=\"\" sizes=\"(max-width: 1200px) 100vw, 1200px\" style=\"--ratio: 1200 \/ 480;\" data-src=\"https:\/\/wemobility.lu\/wp-content\/uploads\/2021\/01\/news-rse.jpg\" loading=\"eager\" data-srcset=\"https:\/\/wemobility.lu\/wp-content\/uploads\/2021\/01\/news-rse.jpg 1200w, https:\/\/wemobility.lu\/wp-content\/uploads\/2021\/01\/news-rse-300x120.jpg 300w, https:\/\/wemobility.lu\/wp-content\/uploads\/2021\/01\/news-rse-1024x410.jpg 1024w, https:\/\/wemobility.lu\/wp-content\/uploads\/2021\/01\/news-rse-768x307.jpg 768w\" \/><span class=\"the7-hover-icon\"><i aria-hidden=\"true\" class=\"fas fa-plus\"><\/i><\/span><\/a>\n\t\t<\/div>\n\t<\/div>\n\n\n<div class=\"post-entry-content\">\n\n\t<h3 class=\"ele-entry-title\"><a href=\"https:\/\/wemobility.lu\/en\/rse-label-for-the-entire-bollig-mobility-group\/\" rel=\"bookmark\" title=\"RSE label for the entire Bollig Mobility Group\">RSE label for the entire Bollig Mobility Group<\/a><\/h3><div class=\"entry-meta\"><span class=\"meta-item category-link\"><a href=\"https:\/\/wemobility.lu\/en\/category\/bollig-group\/\" rel=\"tag\">Bollig-Group<\/a>, <a href=\"https:\/\/wemobility.lu\/en\/category\/csr-2\/\" rel=\"tag\">CSR<\/a>, <a href=\"https:\/\/wemobility.lu\/en\/category\/sustainability\/\" rel=\"tag\">Sustainability<\/a><\/span><a href=\"https:\/\/wemobility.lu\/en\/2020\/10\/01\/\" title=\"12:00 pm\" class=\"meta-item data-link\" rel=\"bookmark\"><time class=\"entry-date updated\" datetime=\"2020-10-01T12:00:21+01:00\">October 1, 2020<\/time><\/a><\/div><div class=\"entry-excerpt\"><p>We are pleased to announce that the entire Bollig Mobility Group was certified with the ESR label (Corporate Social Responsibility) by the [\u2026]<\/p>\n<\/div>\n<\/div><\/article><\/div><div class=\"visible wf-cell category-19 category-49 category-48\" data-post-id=\"3791\" data-date=\"2020-09-01T09:32:24+01:00\" data-name=\"New in Diekirch: Loui-Express with Voyages Simon\"><article class=\"post visible post-3791 type-post status-publish format-standard has-post-thumbnail hentry category-everyday-mobility category-public-transport category-voyages-simon\" data-name=\"New in Diekirch: Loui-Express with Voyages Simon\" data-date=\"2020-09-01T09:32:24+01:00\">\n\n\t<div class=\"post-thumbnail-wrap\">\n\t\t<div class=\"post-thumbnail\">\n\n\t\t\t<a class=\"post-thumbnail-rollover layzr-bg img-css-resize-wrapper\" aria-label=\"Post image\" href=\"https:\/\/wemobility.lu\/en\/loui-express-im-anmarsch\/\"><img decoding=\"async\" width=\"1200\" height=\"480\" src=\"data:image\/svg+xml,%3Csvg%20xmlns%3D&#039;http%3A%2F%2Fwww.w3.org%2F2000%2Fsvg&#039;%20viewBox%3D&#039;0%200%201200%20480&#039;%2F%3E\" class=\"attachment-full size-full preload-me aspect lazy lazy-load\" alt=\"\" sizes=\"(max-width: 1200px) 100vw, 1200px\" style=\"--ratio: 1200 \/ 480;\" data-src=\"https:\/\/wemobility.lu\/wp-content\/uploads\/2020\/12\/News-loui-express.jpg\" loading=\"eager\" data-srcset=\"https:\/\/wemobility.lu\/wp-content\/uploads\/2020\/12\/News-loui-express.jpg 1200w, https:\/\/wemobility.lu\/wp-content\/uploads\/2020\/12\/News-loui-express-300x120.jpg 300w, https:\/\/wemobility.lu\/wp-content\/uploads\/2020\/12\/News-loui-express-1024x410.jpg 1024w, https:\/\/wemobility.lu\/wp-content\/uploads\/2020\/12\/News-loui-express-768x307.jpg 768w\" \/><span class=\"the7-hover-icon\"><i aria-hidden=\"true\" class=\"fas fa-plus\"><\/i><\/span><\/a>\n\t\t<\/div>\n\t<\/div>\n\n\n<div class=\"post-entry-content\">\n\n\t<h3 class=\"ele-entry-title\"><a href=\"https:\/\/wemobility.lu\/en\/loui-express-im-anmarsch\/\" rel=\"bookmark\" title=\"New in Diekirch: Loui-Express with Voyages Simon\">New in Diekirch: Loui-Express with Voyages Simon<\/a><\/h3><div class=\"entry-meta\"><span class=\"meta-item category-link\"><a href=\"https:\/\/wemobility.lu\/en\/category\/everyday-mobility\/\" rel=\"tag\">Everyday Mobility<\/a>, <a href=\"https:\/\/wemobility.lu\/en\/category\/public-transport\/\" rel=\"tag\">Public Transport<\/a>, <a href=\"https:\/\/wemobility.lu\/en\/category\/voyages-simon\/\" rel=\"tag\">Voyages Simon<\/a><\/span><a href=\"https:\/\/wemobility.lu\/en\/2020\/09\/01\/\" title=\"9:32 am\" class=\"meta-item data-link\" rel=\"bookmark\"><time class=\"entry-date updated\" datetime=\"2020-09-01T09:32:24+01:00\">September 1, 2020<\/time><\/a><\/div><div class=\"entry-excerpt\"><p>Starting from October 1st 2020 the community of Diekirch offers their proper citybus service, targeting the inhabitants and visitors of the city. [\u2026]<\/p>\n<\/div>\n<\/div><\/article><\/div><div class=\"visible wf-cell category-57 category-65 category-19 category-49 category-78\" data-post-id=\"3795\" data-date=\"2019-11-01T09:45:02+01:00\" data-name=\"Bollig Voyages will operate in the Southern Eifel from December 2019 onward\"><article class=\"post visible post-3795 type-post status-publish format-standard has-post-thumbnail hentry category-bollig-voyages category-bollig-voyages-fr category-everyday-mobility category-public-transport category-tempus-en\" data-name=\"Bollig Voyages will operate in the Southern Eifel from December 2019 onward\" data-date=\"2019-11-01T09:45:02+01:00\">\n\n\t<div class=\"post-thumbnail-wrap\">\n\t\t<div class=\"post-thumbnail\">\n\n\t\t\t<a class=\"post-thumbnail-rollover layzr-bg img-css-resize-wrapper\" aria-label=\"Post image\" href=\"https:\/\/wemobility.lu\/en\/bollig-voyages-will-operate-in-the-southern-eifel-from-december-2019-onward\/\"><img decoding=\"async\" width=\"1200\" height=\"480\" src=\"data:image\/svg+xml,%3Csvg%20xmlns%3D&#039;http%3A%2F%2Fwww.w3.org%2F2000%2Fsvg&#039;%20viewBox%3D&#039;0%200%201200%20480&#039;%2F%3E\" class=\"attachment-full size-full preload-me aspect lazy lazy-load\" alt=\"\" sizes=\"(max-width: 1200px) 100vw, 1200px\" style=\"--ratio: 1200 \/ 480;\" data-src=\"https:\/\/wemobility.lu\/wp-content\/uploads\/2020\/12\/news-tempus.jpg\" loading=\"eager\" data-srcset=\"https:\/\/wemobility.lu\/wp-content\/uploads\/2020\/12\/news-tempus.jpg 1200w, https:\/\/wemobility.lu\/wp-content\/uploads\/2020\/12\/news-tempus-300x120.jpg 300w, https:\/\/wemobility.lu\/wp-content\/uploads\/2020\/12\/news-tempus-1024x410.jpg 1024w, https:\/\/wemobility.lu\/wp-content\/uploads\/2020\/12\/news-tempus-768x307.jpg 768w\" \/><span class=\"the7-hover-icon\"><i aria-hidden=\"true\" class=\"fas fa-plus\"><\/i><\/span><\/a>\n\t\t<\/div>\n\t<\/div>\n\n\n<div class=\"post-entry-content\">\n\n\t<h3 class=\"ele-entry-title\"><a href=\"https:\/\/wemobility.lu\/en\/bollig-voyages-will-operate-in-the-southern-eifel-from-december-2019-onward\/\" rel=\"bookmark\" title=\"Bollig Voyages will operate in the Southern Eifel from December 2019 onward\">Bollig Voyages will operate in the Southern Eifel from December 2019 onward<\/a><\/h3><div class=\"entry-meta\"><span class=\"meta-item category-link\"><a href=\"https:\/\/wemobility.lu\/en\/category\/bollig-voyages\/\" rel=\"tag\">Bollig Voyages<\/a>, <a href=\"https:\/\/wemobility.lu\/fr\/category\/bollig-voyages-fr\/\" rel=\"tag\">Bollig Voyages<\/a>, <a href=\"https:\/\/wemobility.lu\/en\/category\/everyday-mobility\/\" rel=\"tag\">Everyday Mobility<\/a>, <a href=\"https:\/\/wemobility.lu\/en\/category\/public-transport\/\" rel=\"tag\">Public Transport<\/a>, <a href=\"https:\/\/wemobility.lu\/en\/category\/tempus-en\/\" rel=\"tag\">Tempus<\/a><\/span><a href=\"https:\/\/wemobility.lu\/en\/2019\/11\/01\/\" title=\"9:45 am\" class=\"meta-item data-link\" rel=\"bookmark\"><time class=\"entry-date updated\" datetime=\"2019-11-01T09:45:02+01:00\">November 1, 2019<\/time><\/a><\/div><div class=\"entry-excerpt\"><p>With the award of the contract in a Europe-wide tender in June 2019, the Luxembourg partner  [\u2026]<\/p>\n<\/div>\n<\/div><\/article><\/div><\/div><!-- iso-container|iso-grid --><\/div>\t\t\t\t<\/div>\n\t\t\t\t<\/div>\n\t\t\t\t\t<\/div>\n\t\t<\/div>\n\t\t\t\t\t<\/div>\n\t\t<\/section>\n\t\t\t\t<section class=\"elementor-section elementor-top-section elementor-element elementor-element-4c9321d0 elementor-section-content-middle elementor-section-boxed elementor-section-height-default elementor-section-height-default\" data-id=\"4c9321d0\" data-element_type=\"section\" data-e-type=\"section\" data-settings=\"{&quot;_ha_eqh_enable&quot;:false}\">\n\t\t\t\t\t\t<div class=\"elementor-container elementor-column-gap-wider\">\n\t\t\t\t\t<div class=\"elementor-column elementor-col-100 elementor-top-column elementor-element elementor-element-77d6d2c1\" data-id=\"77d6d2c1\" data-element_type=\"column\" data-e-type=\"column\">\n\t\t\t<div class=\"elementor-widget-wrap elementor-element-populated\">\n\t\t\t\t\t\t<div class=\"elementor-element elementor-element-2c330af3 elementor-widget elementor-widget-heading\" data-id=\"2c330af3\" data-element_type=\"widget\" data-e-type=\"widget\" data-widget_type=\"heading.default\">\n\t\t\t\t<div class=\"elementor-widget-container\">\n\t\t\t\t\t<h3 class=\"elementor-heading-title elementor-size-default\">Let\u2019s see how <span style=\"color: #7b003b\">we can help you<\/span>!<\/h3>\t\t\t\t<\/div>\n\t\t\t\t<\/div>\n\t\t\t\t<div class=\"elementor-element elementor-element-21e81d elementor-widget elementor-widget-text-editor\" data-id=\"21e81d\" data-element_type=\"widget\" data-e-type=\"widget\" data-widget_type=\"text-editor.default\">\n\t\t\t\t<div class=\"elementor-widget-container\">\n\t\t\t\t\t\t\t\t\t<p>If you would like to partner with us, or if you have any questions, don&#8217;t hesitate to get in touch.<\/p>\t\t\t\t\t\t\t\t<\/div>\n\t\t\t\t<\/div>\n\t\t\t\t<div class=\"elementor-element elementor-element-7c0dda4 elementor-align-left elementor-mobile-align-justify elementor-widget elementor-widget-button\" data-id=\"7c0dda4\" data-element_type=\"widget\" data-e-type=\"widget\" data-widget_type=\"button.default\">\n\t\t\t\t<div class=\"elementor-widget-container\">\n\t\t\t\t\t\t\t\t\t<div class=\"elementor-button-wrapper\">\n\t\t\t\t\t<a class=\"elementor-button elementor-button-link elementor-size-lg\" href=\"\/en\/contact-us\/\">\n\t\t\t\t\t\t<span class=\"elementor-button-content-wrapper\">\n\t\t\t\t\t\t<span class=\"elementor-button-icon\">\n\t\t\t\t<i aria-hidden=\"true\" class=\" dt-icon-the7-arrow-35-2\"><\/i>\t\t\t<\/span>\n\t\t\t\t\t\t\t\t\t<span class=\"elementor-button-text\">Let's discuss your project<\/span>\n\t\t\t\t\t<\/span>\n\t\t\t\t\t<\/a>\n\t\t\t\t<\/div>\n\t\t\t\t\t\t\t\t<\/div>\n\t\t\t\t<\/div>\n\t\t\t\t\t<\/div>\n\t\t<\/div>\n\t\t\t\t\t<\/div>\n\t\t<\/section>\n\t\t\t\t<section class=\"elementor-section elementor-top-section elementor-element elementor-element-2c244e1 elementor-section-boxed elementor-section-height-default elementor-section-height-default\" data-id=\"2c244e1\" data-element_type=\"section\" data-e-type=\"section\" data-settings=\"{&quot;_ha_eqh_enable&quot;:false}\">\n\t\t\t\t\t\t<div class=\"elementor-container elementor-column-gap-default\">\n\t\t\t\t\t<div class=\"elementor-column elementor-col-100 elementor-top-column elementor-element elementor-element-cc0635a\" data-id=\"cc0635a\" data-element_type=\"column\" data-e-type=\"column\">\n\t\t\t<div class=\"elementor-widget-wrap elementor-element-populated\">\n\t\t\t\t\t\t<div class=\"elementor-element elementor-element-4583714 elementor-widget elementor-widget-ha-carousel happy-addon ha-carousel\" data-id=\"4583714\" data-element_type=\"widget\" data-e-type=\"widget\" id=\"logo-carousel-wrapper\" data-settings=\"{&quot;animation_speed&quot;:300,&quot;loop&quot;:&quot;yes&quot;,&quot;navigation&quot;:&quot;arrow&quot;,&quot;slides_to_show&quot;:4,&quot;slides_to_show_tablet&quot;:3,&quot;slides_to_show_mobile&quot;:2}\" data-widget_type=\"ha-carousel.default\">\n\t\t\t\t<div class=\"elementor-widget-container\">\n\t\t\t\t\t\n\t\t<div data-ha_rcc_uid=\"\" class=\"hajs-slick ha-slick ha-slick--carousel\">\n\n\t\t\t\n\t\t\t\t<div class=\"ha-slick-slide slick-slide\">\n\t\t\t\t\t<a class=\"ha-slick-item\" href=\"http:\/\/www.fleaa.lu\/\" target=\"_blank\">\n\t\t\t\t\t\t\t\t\t\t\t\t\t<img decoding=\"async\" class=\"ha-slick-img\" src=\"https:\/\/wemobility.lu\/wp-content\/uploads\/2020\/07\/fleaa-logo-768x512.gif\" alt=\"\">\n\t\t\t\t\t\t\n\t\t\t\t\t\t\t\t\t\t\t<\/a>\n\t\t\t\t<\/div>\n\n\t\t\t\n\t\t\t\t<div class=\"ha-slick-slide slick-slide\">\n\t\t\t\t\t<a class=\"ha-slick-item\" href=\"https:\/\/www.mobiliteit.lu\/\" target=\"_blank\">\n\t\t\t\t\t\t\t\t\t\t\t\t\t<img decoding=\"async\" class=\"ha-slick-img\" src=\"https:\/\/wemobility.lu\/wp-content\/uploads\/2020\/07\/mobiliteit-logo-768x512.gif\" alt=\"\">\n\t\t\t\t\t\t\n\t\t\t\t\t\t\t\t\t\t\t<\/a>\n\t\t\t\t<\/div>\n\n\t\t\t\n\t\t\t\t<div class=\"ha-slick-slide slick-slide\">\n\t\t\t\t\t<a class=\"ha-slick-item\" href=\"https:\/\/mmtp.gouvernement.lu\/en.html\" target=\"_blank\">\n\t\t\t\t\t\t\t\t\t\t\t\t\t<img decoding=\"async\" class=\"ha-slick-img\" src=\"https:\/\/wemobility.lu\/wp-content\/uploads\/2020\/11\/ministere-logo-hover-768x512.gif\" alt=\"\">\n\t\t\t\t\t\t\n\t\t\t\t\t\t\t\t\t\t\t<\/a>\n\t\t\t\t<\/div>\n\n\t\t\t\n\t\t\t\t<div class=\"ha-slick-slide slick-slide\">\n\t\t\t\t\t<a class=\"ha-slick-item\" href=\"https:\/\/echternach.lu\/\" target=\"_blank\">\n\t\t\t\t\t\t\t\t\t\t\t\t\t<img decoding=\"async\" class=\"ha-slick-img\" src=\"https:\/\/wemobility.lu\/wp-content\/uploads\/2020\/11\/echternach-logo-hover-768x512.gif\" alt=\"\">\n\t\t\t\t\t\t\n\t\t\t\t\t\t\t\t\t\t\t<\/a>\n\t\t\t\t<\/div>\n\n\t\t\t\n\t\t\t\t<div class=\"ha-slick-slide slick-slide\">\n\t\t\t\t\t<a class=\"ha-slick-item\" href=\"https:\/\/ettelbruck.lu\/\" target=\"_blank\">\n\t\t\t\t\t\t\t\t\t\t\t\t\t<img decoding=\"async\" class=\"ha-slick-img\" src=\"https:\/\/wemobility.lu\/wp-content\/uploads\/2020\/11\/ettelbruck-logo-hover-768x512.gif\" alt=\"\">\n\t\t\t\t\t\t\n\t\t\t\t\t\t\t\t\t\t\t<\/a>\n\t\t\t\t<\/div>\n\n\t\t\t\n\t\t\t\t<div class=\"ha-slick-slide slick-slide\">\n\t\t\t\t\t<a class=\"ha-slick-item\" href=\"https:\/\/www.diekirch.lu\/fr\/commune-de-diekirch\" target=\"_blank\">\n\t\t\t\t\t\t\t\t\t\t\t\t\t<img decoding=\"async\" class=\"ha-slick-img\" src=\"https:\/\/wemobility.lu\/wp-content\/uploads\/2020\/11\/diekirch-logo-hover-768x512.gif\" alt=\"\">\n\t\t\t\t\t\t\n\t\t\t\t\t\t\t\t\t\t\t<\/a>\n\t\t\t\t<\/div>\n\n\t\t\t\n\t\t\t\t<div class=\"ha-slick-slide slick-slide\">\n\t\t\t\t\t<a class=\"ha-slick-item\" href=\"https:\/\/www.infogreen.lu\/\" target=\"_blank\">\n\t\t\t\t\t\t\t\t\t\t\t\t\t<img decoding=\"async\" class=\"ha-slick-img\" src=\"https:\/\/wemobility.lu\/wp-content\/uploads\/2020\/07\/infogreen-logo-768x512.gif\" alt=\"\">\n\t\t\t\t\t\t\n\t\t\t\t\t\t\t\t\t\t\t<\/a>\n\t\t\t\t<\/div>\n\n\t\t\t\n\t\t\t\t<div class=\"ha-slick-slide slick-slide\">\n\t\t\t\t\t<a class=\"ha-slick-item\" href=\"https:\/\/imslux.lu\/\" target=\"_blank\">\n\t\t\t\t\t\t\t\t\t\t\t\t\t<img decoding=\"async\" class=\"ha-slick-img\" src=\"https:\/\/wemobility.lu\/wp-content\/uploads\/2020\/11\/IMS-logo-hover-768x512.gif\" alt=\"\">\n\t\t\t\t\t\t\n\t\t\t\t\t\t\t\t\t\t\t<\/a>\n\t\t\t\t<\/div>\n\n\t\t\t\n\t\t<\/div>\n\n\t\t\t\t\t<button type=\"button\" class=\"slick-prev\"><i aria-hidden=\"true\" class=\"fas fa-chevron-left\"><\/i><\/button>\n\t\t\n\t\t\t\t\t<button type=\"button\" class=\"slick-next\"><i aria-hidden=\"true\" class=\"fas fa-chevron-right\"><\/i><\/button>\n\t\t\n\t\t\t\t\t\t<\/div>\n\t\t\t\t<\/div>\n\t\t\t\t\t<\/div>\n\t\t<\/div>\n\t\t\t\t\t<\/div>\n\t\t<\/section>\n\t\t\t\t<\/div>\n\t\t","protected":false},"excerpt":{"rendered":"<p>WEmobility news. Would you like to know more about the Bollig Mobility Group?\u00a0Here you will find current news about partnerships and developments in our company. All around us. View allAlltagsmobilit\u00e4tBollig VoyagesBollig-GroupCSRE-Mobilit\u00e4tNachhaltigkeit\u00d6ffentlicher VerkehrTempusVoyages Simon Der dritte CSR-Bericht ist erschienen! Alltagsmobilit\u00e4t, Bollig-Group, CSR, Nachhaltigkeit, \u00d6ffentlicher VerkehrNovember 8, 2021 Bollig Mobility Group engagiert sich bereits seit 5 Jahren&hellip;<\/p>\n","protected":false},"author":1,"featured_media":0,"parent":0,"menu_order":30,"comment_status":"closed","ping_status":"closed","template":"","meta":{"footnotes":""},"class_list":["post-3149","page","type-page","status-publish","hentry"],"yoast_head":"<!-- This site is optimized with the Yoast SEO plugin v26.9 - https:\/\/yoast.com\/product\/yoast-seo-wordpress\/ -->\n<title>Bollig news - WEmobility - In motion. Together.<\/title>\n<meta name=\"description\" content=\"Bollig news. Would you like to know more about us? Here you will find current news about partnerships and developments in our company.\" \/>\n<meta name=\"robots\" content=\"index, follow, max-snippet:-1, max-image-preview:large, max-video-preview:-1\" \/>\n<link rel=\"canonical\" href=\"https:\/\/wemobility.lu\/en\/bollig-news\/\" \/>\n<meta property=\"og:locale\" content=\"en_US\" \/>\n<meta property=\"og:type\" content=\"article\" \/>\n<meta property=\"og:title\" content=\"Bollig news - WEmobility - In motion. Together.\" \/>\n<meta property=\"og:description\" content=\"Bollig news. Would you like to know more about us? Here you will find current news about partnerships and developments in our company.\" \/>\n<meta property=\"og:url\" content=\"https:\/\/wemobility.lu\/en\/bollig-news\/\" \/>\n<meta property=\"og:site_name\" content=\"WEmobility\" \/>\n<meta property=\"article:modified_time\" content=\"2022-06-15T13:47:29+00:00\" \/>\n<meta property=\"og:image\" content=\"https:\/\/wemobility.lu\/wp-content\/uploads\/2020\/07\/fleaa-logo-768x512.gif\" \/>\n<meta name=\"twitter:card\" content=\"summary_large_image\" \/>\n<meta name=\"twitter:label1\" content=\"Est. reading time\" \/>\n\t<meta name=\"twitter:data1\" content=\"9 minutes\" \/>\n<script type=\"application\/ld+json\" class=\"yoast-schema-graph\">{\"@context\":\"https:\/\/schema.org\",\"@graph\":[{\"@type\":\"WebPage\",\"@id\":\"https:\/\/wemobility.lu\/en\/bollig-news\/\",\"url\":\"https:\/\/wemobility.lu\/en\/bollig-news\/\",\"name\":\"Bollig news - WEmobility - In motion. Together.\",\"isPartOf\":{\"@id\":\"https:\/\/wemobility.lu\/en\/#website\"},\"primaryImageOfPage\":{\"@id\":\"https:\/\/wemobility.lu\/en\/bollig-news\/#primaryimage\"},\"image\":{\"@id\":\"https:\/\/wemobility.lu\/en\/bollig-news\/#primaryimage\"},\"thumbnailUrl\":\"https:\/\/wemobility.lu\/wp-content\/uploads\/2020\/07\/fleaa-logo-768x512.gif\",\"datePublished\":\"2020-09-30T16:11:06+00:00\",\"dateModified\":\"2022-06-15T13:47:29+00:00\",\"description\":\"Bollig news. Would you like to know more about us? Here you will find current news about partnerships and developments in our company.\",\"breadcrumb\":{\"@id\":\"https:\/\/wemobility.lu\/en\/bollig-news\/#breadcrumb\"},\"inLanguage\":\"en-US\",\"potentialAction\":[{\"@type\":\"ReadAction\",\"target\":[\"https:\/\/wemobility.lu\/en\/bollig-news\/\"]}]},{\"@type\":\"ImageObject\",\"inLanguage\":\"en-US\",\"@id\":\"https:\/\/wemobility.lu\/en\/bollig-news\/#primaryimage\",\"url\":\"https:\/\/wemobility.lu\/wp-content\/uploads\/2020\/07\/fleaa-logo-768x512.gif\",\"contentUrl\":\"https:\/\/wemobility.lu\/wp-content\/uploads\/2020\/07\/fleaa-logo-768x512.gif\"},{\"@type\":\"BreadcrumbList\",\"@id\":\"https:\/\/wemobility.lu\/en\/bollig-news\/#breadcrumb\",\"itemListElement\":[{\"@type\":\"ListItem\",\"position\":1,\"name\":\"Home\",\"item\":\"https:\/\/wemobility.lu\/en\/\"},{\"@type\":\"ListItem\",\"position\":2,\"name\":\"Bollig news\"}]},{\"@type\":\"WebSite\",\"@id\":\"https:\/\/wemobility.lu\/en\/#website\",\"url\":\"https:\/\/wemobility.lu\/en\/\",\"name\":\"WEmobility\",\"description\":\"\",\"publisher\":{\"@id\":\"https:\/\/wemobility.lu\/en\/#organization\"},\"potentialAction\":[{\"@type\":\"SearchAction\",\"target\":{\"@type\":\"EntryPoint\",\"urlTemplate\":\"https:\/\/wemobility.lu\/en\/?s={search_term_string}\"},\"query-input\":{\"@type\":\"PropertyValueSpecification\",\"valueRequired\":true,\"valueName\":\"search_term_string\"}}],\"inLanguage\":\"en-US\"},{\"@type\":\"Organization\",\"@id\":\"https:\/\/wemobility.lu\/en\/#organization\",\"name\":\"WEmobility\",\"url\":\"https:\/\/wemobility.lu\/en\/\",\"logo\":{\"@type\":\"ImageObject\",\"inLanguage\":\"en-US\",\"@id\":\"https:\/\/wemobility.lu\/en\/#\/schema\/logo\/image\/\",\"url\":\"https:\/\/wemobility.lu\/wp-content\/uploads\/2022\/06\/bollig-wemobility-logo.png\",\"contentUrl\":\"https:\/\/wemobility.lu\/wp-content\/uploads\/2022\/06\/bollig-wemobility-logo.png\",\"width\":2664,\"height\":1942,\"caption\":\"WEmobility\"},\"image\":{\"@id\":\"https:\/\/wemobility.lu\/en\/#\/schema\/logo\/image\/\"}}]}<\/script>\n<!-- \/ Yoast SEO plugin. -->","yoast_head_json":{"title":"Bollig news - WEmobility - In motion. Together.","description":"Bollig news. Would you like to know more about us? Here you will find current news about partnerships and developments in our company.","robots":{"index":"index","follow":"follow","max-snippet":"max-snippet:-1","max-image-preview":"max-image-preview:large","max-video-preview":"max-video-preview:-1"},"canonical":"https:\/\/wemobility.lu\/en\/bollig-news\/","og_locale":"en_US","og_type":"article","og_title":"Bollig news - WEmobility - In motion. Together.","og_description":"Bollig news. Would you like to know more about us? Here you will find current news about partnerships and developments in our company.","og_url":"https:\/\/wemobility.lu\/en\/bollig-news\/","og_site_name":"WEmobility","article_modified_time":"2022-06-15T13:47:29+00:00","og_image":[{"url":"https:\/\/wemobility.lu\/wp-content\/uploads\/2020\/07\/fleaa-logo-768x512.gif","type":"","width":"","height":""}],"twitter_card":"summary_large_image","twitter_misc":{"Est. reading time":"9 minutes"},"schema":{"@context":"https:\/\/schema.org","@graph":[{"@type":"WebPage","@id":"https:\/\/wemobility.lu\/en\/bollig-news\/","url":"https:\/\/wemobility.lu\/en\/bollig-news\/","name":"Bollig news - WEmobility - In motion. Together.","isPartOf":{"@id":"https:\/\/wemobility.lu\/en\/#website"},"primaryImageOfPage":{"@id":"https:\/\/wemobility.lu\/en\/bollig-news\/#primaryimage"},"image":{"@id":"https:\/\/wemobility.lu\/en\/bollig-news\/#primaryimage"},"thumbnailUrl":"https:\/\/wemobility.lu\/wp-content\/uploads\/2020\/07\/fleaa-logo-768x512.gif","datePublished":"2020-09-30T16:11:06+00:00","dateModified":"2022-06-15T13:47:29+00:00","description":"Bollig news. Would you like to know more about us? Here you will find current news about partnerships and developments in our company.","breadcrumb":{"@id":"https:\/\/wemobility.lu\/en\/bollig-news\/#breadcrumb"},"inLanguage":"en-US","potentialAction":[{"@type":"ReadAction","target":["https:\/\/wemobility.lu\/en\/bollig-news\/"]}]},{"@type":"ImageObject","inLanguage":"en-US","@id":"https:\/\/wemobility.lu\/en\/bollig-news\/#primaryimage","url":"https:\/\/wemobility.lu\/wp-content\/uploads\/2020\/07\/fleaa-logo-768x512.gif","contentUrl":"https:\/\/wemobility.lu\/wp-content\/uploads\/2020\/07\/fleaa-logo-768x512.gif"},{"@type":"BreadcrumbList","@id":"https:\/\/wemobility.lu\/en\/bollig-news\/#breadcrumb","itemListElement":[{"@type":"ListItem","position":1,"name":"Home","item":"https:\/\/wemobility.lu\/en\/"},{"@type":"ListItem","position":2,"name":"Bollig news"}]},{"@type":"WebSite","@id":"https:\/\/wemobility.lu\/en\/#website","url":"https:\/\/wemobility.lu\/en\/","name":"WEmobility","description":"","publisher":{"@id":"https:\/\/wemobility.lu\/en\/#organization"},"potentialAction":[{"@type":"SearchAction","target":{"@type":"EntryPoint","urlTemplate":"https:\/\/wemobility.lu\/en\/?s={search_term_string}"},"query-input":{"@type":"PropertyValueSpecification","valueRequired":true,"valueName":"search_term_string"}}],"inLanguage":"en-US"},{"@type":"Organization","@id":"https:\/\/wemobility.lu\/en\/#organization","name":"WEmobility","url":"https:\/\/wemobility.lu\/en\/","logo":{"@type":"ImageObject","inLanguage":"en-US","@id":"https:\/\/wemobility.lu\/en\/#\/schema\/logo\/image\/","url":"https:\/\/wemobility.lu\/wp-content\/uploads\/2022\/06\/bollig-wemobility-logo.png","contentUrl":"https:\/\/wemobility.lu\/wp-content\/uploads\/2022\/06\/bollig-wemobility-logo.png","width":2664,"height":1942,"caption":"WEmobility"},"image":{"@id":"https:\/\/wemobility.lu\/en\/#\/schema\/logo\/image\/"}}]}},"_links":{"self":[{"href":"https:\/\/wemobility.lu\/en\/wp-json\/wp\/v2\/pages\/3149","targetHints":{"allow":["GET"]}}],"collection":[{"href":"https:\/\/wemobility.lu\/en\/wp-json\/wp\/v2\/pages"}],"about":[{"href":"https:\/\/wemobility.lu\/en\/wp-json\/wp\/v2\/types\/page"}],"author":[{"embeddable":true,"href":"https:\/\/wemobility.lu\/en\/wp-json\/wp\/v2\/users\/1"}],"replies":[{"embeddable":true,"href":"https:\/\/wemobility.lu\/en\/wp-json\/wp\/v2\/comments?post=3149"}],"version-history":[{"count":74,"href":"https:\/\/wemobility.lu\/en\/wp-json\/wp\/v2\/pages\/3149\/revisions"}],"predecessor-version":[{"id":7262,"href":"https:\/\/wemobility.lu\/en\/wp-json\/wp\/v2\/pages\/3149\/revisions\/7262"}],"wp:attachment":[{"href":"https:\/\/wemobility.lu\/en\/wp-json\/wp\/v2\/media?parent=3149"}],"curies":[{"name":"wp","href":"https:\/\/api.w.org\/{rel}","templated":true}]}}